{"id":755,"date":"2023-02-06T22:53:30","date_gmt":"2023-02-06T22:53:30","guid":{"rendered":"https:\/\/autoelite.al\/?post_type=ford&#038;p=755"},"modified":"2023-03-30T02:42:56","modified_gmt":"2023-03-30T01:42:56","slug":"ford-e-transit","status":"publish","type":"ford","link":"https:\/\/autoelite.al\/en\/ford\/ford-e-transit\/","title":{"rendered":"FORD E-TRANSIT"},"content":{"rendered":"<div class=\"[*+&#038;]:mt-10 md:[*+&#038;]:mt-14 max-w-2xl mx-auto text-base text-center\">\n\t\t\t\t\t<h2 class=\"text-2xl md:text-3xl font-bold\">\n\t\t\t\tZGJIDHNI E-TRANSIT TUAJ\t\t\t<\/h2>\n\t\t\t\t\t\t\t<div>\n\t\t\t\tPavar\u00ebsisht n\u00ebse i jepni p\u00ebrpar\u00ebsi pasagjer\u00ebve shtes\u00eb ose hap\u00ebsir\u00ebs s\u00eb shtuar t\u00eb ngarkes\u00ebs, nj\u00eb furgon t\u00eb mbyllur ose kabin\u00eb me shasi t\u00eb hapur \u2013 ju mund t\u00eb zgjidhni dhe konfiguroni Ford E-Transit perfekt p\u00ebr biznesin tuaj\t\t\t<\/div>\n\t\t\t<\/div>\n\n\t\n\n\n<div style=\"height:60px\" aria-hidden=\"true\" class=\"wp-block-spacer\"><\/div>\n\n\n\n\t<div class=\"[*+&#038;]:mt-10 md:[*+&#038;]:mt-14 grid sm:grid-cols-2 lg:grid-cols-3 gap-8 md:gap-x-10\">\n\t\t<div class=\"shadow-md sm:shadow-lg\">\n\t\t\t\t\t\t\t<img decoding=\"async\" width=\"1440\" height=\"810\" src=\"https:\/\/autoelite.al\/wp-content\/uploads\/2023\/02\/ford-etransit-eu-transit_Van-16x9-2160x1215-1.webp\" class=\"w-full h-[10rem] sm:h-[11rem] md:h-[12rem] object-cover\" alt=\"\" style=\"margin:0!important\" srcset=\"https:\/\/autoelite.al\/wp-content\/uploads\/2023\/02\/ford-etransit-eu-transit_Van-16x9-2160x1215-1.webp 1440w, https:\/\/autoelite.al\/wp-content\/uploads\/2023\/02\/ford-etransit-eu-transit_Van-16x9-2160x1215-1-350x197.webp 350w, https:\/\/autoelite.al\/wp-content\/uploads\/2023\/02\/ford-etransit-eu-transit_Van-16x9-2160x1215-1-1024x576.webp 1024w, https:\/\/autoelite.al\/wp-content\/uploads\/2023\/02\/ford-etransit-eu-transit_Van-16x9-2160x1215-1-768x432.webp 768w, https:\/\/autoelite.al\/wp-content\/uploads\/2023\/02\/ford-etransit-eu-transit_Van-16x9-2160x1215-1-18x10.webp 18w\" sizes=\"(max-width: 1440px) 100vw, 1440px\" \/>\t\t\t\t\t\t<div class=\"text-sm p-4 sm:p-6\">\n\t\t\t\t\t\t\t\t\t<div class='not-prose'>\n\t\t\t\t\t\t<h3 class=\"mt-0 mb-1 sm:mb-2 w-full text-lg sm:text-xl font-bold leading-tight\">\n\t\t\t\t\t\t\tVAN\t\t\t\t\t\t<\/h3>\n\t\t\t\t\t<\/div>\n\t\t\t\t\t\t\t\t\t\t\t\t\t\t<div>\n\t\t\t\t\t\tGross Vehicle Mass (GVM):\u00a0<strong>3.5 Tonne,<br>3.9 Tonne, 4.25 Tonne<\/strong>\t\t\t\t\t<\/div>\n\t\t\t\t\t\t\t<\/div>\n\t\t<\/div>\n\t\t<div class=\"shadow-md sm:shadow-lg\">\n\t\t\t\t\t\t\t<img decoding=\"async\" width=\"1440\" height=\"810\" src=\"https:\/\/autoelite.al\/wp-content\/uploads\/2023\/02\/ford-etransit-eu-E-transit_DCIV-16x9-2160x1215-1.jpg\" class=\"w-full h-[10rem] sm:h-[11rem] md:h-[12rem] object-cover\" alt=\"\" style=\"margin:0!important\" srcset=\"https:\/\/autoelite.al\/wp-content\/uploads\/2023\/02\/ford-etransit-eu-E-transit_DCIV-16x9-2160x1215-1.jpg 1440w, https:\/\/autoelite.al\/wp-content\/uploads\/2023\/02\/ford-etransit-eu-E-transit_DCIV-16x9-2160x1215-1-350x197.jpg 350w, https:\/\/autoelite.al\/wp-content\/uploads\/2023\/02\/ford-etransit-eu-E-transit_DCIV-16x9-2160x1215-1-1024x576.jpg 1024w, https:\/\/autoelite.al\/wp-content\/uploads\/2023\/02\/ford-etransit-eu-E-transit_DCIV-16x9-2160x1215-1-768x432.jpg 768w, https:\/\/autoelite.al\/wp-content\/uploads\/2023\/02\/ford-etransit-eu-E-transit_DCIV-16x9-2160x1215-1-18x10.jpg 18w\" sizes=\"(max-width: 1440px) 100vw, 1440px\" \/>\t\t\t\t\t\t<div class=\"text-sm p-4 sm:p-6\">\n\t\t\t\t\t\t\t\t\t<div class='not-prose'>\n\t\t\t\t\t\t<h3 class=\"mt-0 mb-1 sm:mb-2 w-full text-lg sm:text-xl font-bold leading-tight\">\n\t\t\t\t\t\t\tDOUBLE CAB-IN-VAN\t\t\t\t\t\t<\/h3>\n\t\t\t\t\t<\/div>\n\t\t\t\t\t\t\t\t\t\t\t\t\t\t<div>\n\t\t\t\t\t\tGross Vehicle Mass (GVM):\u00a0<strong>3.9 Tonne,<br>4.25 Tonne<\/strong><br><br>Length:\u00a0<strong>L3<\/strong><br><br>Height:\u00a0<strong>H2, H3<\/strong>\t\t\t\t\t<\/div>\n\t\t\t\t\t\t\t<\/div>\n\t\t<\/div>\n\t\t<div class=\"shadow-md sm:shadow-lg\">\n\t\t\t\t\t\t\t<img decoding=\"async\" width=\"1440\" height=\"810\" src=\"https:\/\/autoelite.al\/wp-content\/uploads\/2023\/02\/ford-etransit-eu-transit_Chassis-16x9-2160x1215-1.jpg\" class=\"w-full h-[10rem] sm:h-[11rem] md:h-[12rem] object-cover\" alt=\"\" style=\"margin:0!important\" srcset=\"https:\/\/autoelite.al\/wp-content\/uploads\/2023\/02\/ford-etransit-eu-transit_Chassis-16x9-2160x1215-1.jpg 1440w, https:\/\/autoelite.al\/wp-content\/uploads\/2023\/02\/ford-etransit-eu-transit_Chassis-16x9-2160x1215-1-350x197.jpg 350w, https:\/\/autoelite.al\/wp-content\/uploads\/2023\/02\/ford-etransit-eu-transit_Chassis-16x9-2160x1215-1-1024x576.jpg 1024w, https:\/\/autoelite.al\/wp-content\/uploads\/2023\/02\/ford-etransit-eu-transit_Chassis-16x9-2160x1215-1-768x432.jpg 768w, https:\/\/autoelite.al\/wp-content\/uploads\/2023\/02\/ford-etransit-eu-transit_Chassis-16x9-2160x1215-1-18x10.jpg 18w\" sizes=\"(max-width: 1440px) 100vw, 1440px\" \/>\t\t\t\t\t\t<div class=\"text-sm p-4 sm:p-6\">\n\t\t\t\t\t\t\t\t\t<div class='not-prose'>\n\t\t\t\t\t\t<h3 class=\"mt-0 mb-1 sm:mb-2 w-full text-lg sm:text-xl font-bold leading-tight\">\n\t\t\t\t\t\t\tSINGLE CHASSIS\t\t\t\t\t\t<\/h3>\n\t\t\t\t\t<\/div>\n\t\t\t\t\t\t\t\t\t\t\t\t\t\t<div>\n\t\t\t\t\t\tGross Vehicle Mass (GVM):\u00a0<strong>3.5 Tonne, 3.9 Tonne, 4.25 Tonne<\/strong><br><br>Length:\u00a0<strong>L3, L4<br><\/strong><br>Height:\u00a0<strong>N\/A<\/strong>\t\t\t\t\t<\/div>\n\t\t\t\t\t\t\t<\/div>\n\t\t<\/div>\n\t<\/div>\n\n\t\n\n\n<div style=\"height:60px\" aria-hidden=\"true\" class=\"wp-block-spacer\"><\/div>\n\n\n\n<figure class=\"wp-block-embed is-type-video is-provider-youtube wp-block-embed-youtube wp-embed-aspect-16-9 wp-has-aspect-ratio\"><div class=\"wp-block-embed__wrapper\">\n<iframe title=\"E-Transit | Il Transit completamente elettrico | Ford Italia\" width=\"500\" height=\"281\" src=\"https:\/\/www.youtube.com\/embed\/3VxbmCqtB9Q?feature=oembed\" frameborder=\"0\" allow=\"accelerometer; autoplay; clipboard-write; encrypted-media; gyroscope; picture-in-picture; web-share\" referrerpolicy=\"strict-origin-when-cross-origin\" allowfullscreen><\/iframe>\n<\/div><\/figure>\n\n\n\n<div style=\"height:60px\" aria-hidden=\"true\" class=\"wp-block-spacer\"><\/div>\n\n\n\n\t<div class=\"[&#038;+*]:mt-8 sm:[&#038;+*]:mt-10 md:[&#038;+*]:mt-12 grid items-center md:grid-cols-2 gap-y-8 gap-x-10\">\n\t\t\t\t<div class=\"relative md:min-h-[22rem]\">\n\t\t\t\t\t\t\t<img decoding=\"async\" width=\"1440\" height=\"616\" src=\"https:\/\/autoelite.al\/wp-content\/uploads\/2022\/11\/Transit_NameplateBillboard_CC_N_JPG_2160x925_21x9_en_EU.jpg.renditions.extra-large.jpeg\" class=\"md:absolute rounded-md w-full h-[14rem] sm:h-[18rem] md:min-h-[22rem] md:top-1\/2 md:-translate-y-1\/2 object-cover\" alt=\"\" style=\"margin:0!important\" srcset=\"https:\/\/autoelite.al\/wp-content\/uploads\/2022\/11\/Transit_NameplateBillboard_CC_N_JPG_2160x925_21x9_en_EU.jpg.renditions.extra-large.jpeg 1440w, https:\/\/autoelite.al\/wp-content\/uploads\/2022\/11\/Transit_NameplateBillboard_CC_N_JPG_2160x925_21x9_en_EU.jpg.renditions.extra-large-350x150.jpeg 350w, https:\/\/autoelite.al\/wp-content\/uploads\/2022\/11\/Transit_NameplateBillboard_CC_N_JPG_2160x925_21x9_en_EU.jpg.renditions.extra-large-1024x438.jpeg 1024w, https:\/\/autoelite.al\/wp-content\/uploads\/2022\/11\/Transit_NameplateBillboard_CC_N_JPG_2160x925_21x9_en_EU.jpg.renditions.extra-large-768x329.jpeg 768w, https:\/\/autoelite.al\/wp-content\/uploads\/2022\/11\/Transit_NameplateBillboard_CC_N_JPG_2160x925_21x9_en_EU.jpg.renditions.extra-large-18x8.jpeg 18w\" sizes=\"(max-width: 1440px) 100vw, 1440px\" \/>\t\t\t\t\t<\/div>\n\t\t<div class=\"relative flex flex-col items-start justify-center text-base\">\n\t\t\t\t\t\t\t<h3 style=\"margin-top:0!important\" class=\"font-bold\">\n\t\t\t\t\tFORD\u00a0<strong>E-TRANSIT I RI<\/strong>\t\t\t\t<\/h3>\n\t\t\t\t\t\t\t\t\t\t\t<div>\n\t\t\t\t\t100% elektrike.\u00a0Asnj\u00eb kompromis.\u00a0Ford E-Transit i ri \u00ebsht\u00eb furgoni yn\u00eb i par\u00eb t\u00ebr\u00ebsisht elektrik.<br>Ford Transit t\u00ebr\u00ebsisht elektrik \u00ebsht\u00eb projektuar p\u00ebr t\u00eb ndihmuar \u00e7do biznes t\u00eb arrij\u00eb objektivat e tij t\u00eb q\u00ebndrueshm\u00ebris\u00eb, pa kompromentuar forc\u00ebn, kapacitetin e ngarkes\u00ebs ose shkatht\u00ebsin\u00eb.\u00a0Me nj\u00eb bateri 400 volt dhe 68 kWh energji n\u00eb dispozicion, ju mund t\u00eb p\u00ebrballeni me \u00e7do pun\u00eb dhe t\u00eb aksesoni zonat urbane me trafik t\u00eb kufizuar p\u00ebr automjetet me emetim t\u00eb ul\u00ebt.\u00a0E-Transit ka nj\u00eb rreze elektrike deri n\u00eb 317 km me nj\u00eb karikim t\u00eb vet\u00ebm.<br>I disponuesh\u00ebm n\u00eb dy opsione lart\u00ebsie dhe tre gjat\u00ebsi, E-Transit ofron deri n\u00eb 15,1 metra kub hap\u00ebsir\u00eb \u200b\u200bngarkese.\u00a0Me 25 konfigurime t\u00eb ndryshme do t\u00eb gjeni E-Transitin e duhur p\u00ebr biznesin tuaj.\t\t\t\t<\/div>\n\t\t\t\t\t<\/div>\n\t<\/div>\n\n\t\n\n\n\t<div class=\"[&#038;+*]:mt-8 sm:[&#038;+*]:mt-10 md:[&#038;+*]:mt-12 grid items-center md:grid-cols-2 gap-y-8 gap-x-10 py-8 sm:py-10 md:py-12 relative max-w-7xl mx-auto\">\n\t\t\t\t\t<div class=\"absolute top-0 left-1\/2 -translate-x-1\/2 h-full w-screen bg-gray-100\"><\/div>\n\t\t\t\t<div class=\"relative md:min-h-[22rem] md:order-1\">\n\t\t\t\t\t\t\t<img decoding=\"async\" width=\"1000\" height=\"563\" src=\"https:\/\/autoelite.al\/wp-content\/uploads\/2022\/11\/2.jpeg\" class=\"md:absolute rounded-md w-full h-[14rem] sm:h-[18rem] md:min-h-[22rem] md:top-1\/2 md:-translate-y-1\/2 object-cover\" alt=\"\" style=\"margin:0!important\" srcset=\"https:\/\/autoelite.al\/wp-content\/uploads\/2022\/11\/2.jpeg 1000w, https:\/\/autoelite.al\/wp-content\/uploads\/2022\/11\/2-350x197.jpeg 350w, https:\/\/autoelite.al\/wp-content\/uploads\/2022\/11\/2-768x432.jpeg 768w, https:\/\/autoelite.al\/wp-content\/uploads\/2022\/11\/2-18x10.jpeg 18w\" sizes=\"(max-width: 1000px) 100vw, 1000px\" \/>\t\t\t\t\t<\/div>\n\t\t<div class=\"relative flex flex-col items-start justify-center text-base\">\n\t\t\t\t\t\t\t<h3 style=\"margin-top:0!important\" class=\"font-bold\">\n\t\t\t\t\tHERO EMISIONET\t\t\t\t<\/h3>\n\t\t\t\t\t\t\t\t\t\t\t<div>\n\t\t\t\t\tN\u00ebse punoni shpesh n\u00eb qytete me kufizime n\u00eb qarkullimin e automjeteve ndot\u00ebse, E-Transit All Electric \u00ebsht\u00eb furgoni perfekt p\u00ebr pun\u00ebn tuaj.\u00a0Me emetime zero gjat\u00eb vozitjes, do t&#8217;ju lejohet aksesi i papenguar n\u00eb qendrat e qytetit.\t\t\t\t<\/div>\n\t\t\t\t\t<\/div>\n\t<\/div>\n\n\t\n\n\n\t<div class=\"[&#038;+*]:mt-8 sm:[&#038;+*]:mt-10 md:[&#038;+*]:mt-12 grid items-center md:grid-cols-2 gap-y-8 gap-x-10\">\n\t\t\t\t<div class=\"relative md:min-h-[22rem]\">\n\t\t\t\t\t\t\t<img decoding=\"async\" width=\"1000\" height=\"563\" src=\"https:\/\/autoelite.al\/wp-content\/uploads\/2022\/11\/3.jpeg\" class=\"md:absolute rounded-md w-full h-[14rem] sm:h-[18rem] md:min-h-[22rem] md:top-1\/2 md:-translate-y-1\/2 object-cover\" alt=\"\" style=\"margin:0!important\" srcset=\"https:\/\/autoelite.al\/wp-content\/uploads\/2022\/11\/3.jpeg 1000w, https:\/\/autoelite.al\/wp-content\/uploads\/2022\/11\/3-350x197.jpeg 350w, https:\/\/autoelite.al\/wp-content\/uploads\/2022\/11\/3-768x432.jpeg 768w, https:\/\/autoelite.al\/wp-content\/uploads\/2022\/11\/3-18x10.jpeg 18w\" sizes=\"(max-width: 1000px) 100vw, 1000px\" \/>\t\t\t\t\t<\/div>\n\t\t<div class=\"relative flex flex-col items-start justify-center text-base\">\n\t\t\t\t\t\t\t<h3 style=\"margin-top:0!important\" class=\"font-bold\">\n\t\t\t\t\tHAP\u00cbSIR\u00cb E MADHE P\u00cbR MARKESA\t\t\t\t<\/h3>\n\t\t\t\t\t\t\t\t\t\t\t<div>\n\t\t\t\t\tE-Transit \u00ebsht\u00eb projektuar me zgjuarsi sepse bateria \u00ebsht\u00eb vendosur n\u00ebn dysheme p\u00ebr t\u00eb maksimizuar hap\u00ebsir\u00ebn e ngarkesave.\u00a0E-Transit \u00ebsht\u00eb i disponuesh\u00ebm n\u00eb pes\u00eb konfigurime t\u00eb trupit, duke siguruar v\u00ebllime ngarkesash midis 9.5 dhe 15.1 m3\t\t\t\t<\/div>\n\t\t\t\t\t<\/div>\n\t<\/div>\n\n\t\n\n\n\t<div class=\"[&#038;+*]:mt-8 sm:[&#038;+*]:mt-10 md:[&#038;+*]:mt-12 grid items-center md:grid-cols-2 gap-y-8 gap-x-10 py-8 sm:py-10 md:py-12 relative max-w-7xl mx-auto\">\n\t\t\t\t\t<div class=\"absolute top-0 left-1\/2 -translate-x-1\/2 h-full w-screen bg-gray-100\"><\/div>\n\t\t\t\t<div class=\"relative md:min-h-[22rem] md:order-1\">\n\t\t\t\t\t\t\t<img decoding=\"async\" width=\"1000\" height=\"563\" src=\"https:\/\/autoelite.al\/wp-content\/uploads\/2022\/11\/4.jpeg\" class=\"md:absolute rounded-md w-full h-[14rem] sm:h-[18rem] md:min-h-[22rem] md:top-1\/2 md:-translate-y-1\/2 object-cover\" alt=\"\" style=\"margin:0!important\" srcset=\"https:\/\/autoelite.al\/wp-content\/uploads\/2022\/11\/4.jpeg 1000w, https:\/\/autoelite.al\/wp-content\/uploads\/2022\/11\/4-350x197.jpeg 350w, https:\/\/autoelite.al\/wp-content\/uploads\/2022\/11\/4-768x432.jpeg 768w, https:\/\/autoelite.al\/wp-content\/uploads\/2022\/11\/4-18x10.jpeg 18w\" sizes=\"(max-width: 1000px) 100vw, 1000px\" \/>\t\t\t\t\t<\/div>\n\t\t<div class=\"relative flex flex-col items-start justify-center text-base\">\n\t\t\t\t\t\t\t<h3 style=\"margin-top:0!important\" class=\"font-bold\">\n\t\t\t\t\tFORD SYNC 4\t\t\t\t<\/h3>\n\t\t\t\t\t\t\t\t\t\t\t<div>\n\t\t\t\t\tFord SYNC 4 \u00ebsht\u00eb nj\u00eb sistem komunikimi dhe arg\u00ebtimi i lidhur me ren\u00eb kompjuterike q\u00eb ofron planifikim t\u00eb avancuar t\u00eb rrug\u00ebs dhe njohje natyrale t\u00eb z\u00ebrit bisedor.\u00a0P\u00ebrdit\u00ebsimet e softuerit Ford Power-Up sigurojn\u00eb q\u00eb E-Transit t\u00eb vazhdoj\u00eb t\u00eb zhvillohet.\u00a0Gjithashtu i disponuesh\u00ebm \u00ebsht\u00eb integrimi i smartfon\u00ebve me val\u00eb, nj\u00eb ekran me prekje 12 in\u00e7 dhe shum\u00eb funksione t\u00eb tjera.\t\t\t\t<\/div>\n\t\t\t\t\t<\/div>\n\t<\/div>\n\n\t\n\n\n\t<div class=\"[&#038;+*]:mt-8 sm:[&#038;+*]:mt-10 md:[&#038;+*]:mt-12 grid items-center md:grid-cols-2 gap-y-8 gap-x-10\">\n\t\t\t\t<div class=\"relative md:min-h-[22rem]\">\n\t\t\t\t\t\t\t<img decoding=\"async\" width=\"1000\" height=\"563\" src=\"https:\/\/autoelite.al\/wp-content\/uploads\/2022\/11\/5.jpeg\" class=\"md:absolute rounded-md w-full h-[14rem] sm:h-[18rem] md:min-h-[22rem] md:top-1\/2 md:-translate-y-1\/2 object-cover\" alt=\"\" style=\"margin:0!important\" srcset=\"https:\/\/autoelite.al\/wp-content\/uploads\/2022\/11\/5.jpeg 1000w, https:\/\/autoelite.al\/wp-content\/uploads\/2022\/11\/5-350x197.jpeg 350w, https:\/\/autoelite.al\/wp-content\/uploads\/2022\/11\/5-768x432.jpeg 768w, https:\/\/autoelite.al\/wp-content\/uploads\/2022\/11\/5-18x10.jpeg 18w\" sizes=\"(max-width: 1000px) 100vw, 1000px\" \/>\t\t\t\t\t<\/div>\n\t\t<div class=\"relative flex flex-col items-start justify-center text-base\">\n\t\t\t\t\t\t\t<h3 style=\"margin-top:0!important\" class=\"font-bold\">\n\t\t\t\t\tMOGJI I DREJTIMIT\t\t\t\t<\/h3>\n\t\t\t\t\t\t\t\t\t\t\t<div>\n\t\t\t\t\tPersonalizojeni stilin e drejtimit t\u00eb E-Transit tuaj me 3 m\u00ebnyra t\u00eb zgjedhura t\u00eb drejtimit.\u00a0Secili rregullon cil\u00ebsime t\u00eb ndryshme p\u00ebr t\u00eb optimizuar performanc\u00ebn n\u00eb kushte t\u00eb ndryshme.\u00a0Normal \u00ebsht\u00eb p\u00ebr ngarje t\u00eb p\u00ebrditshme;\u00a0Rr\u00ebshqitja p\u00ebrmir\u00ebson trajtimin n\u00eb kushte t\u00eb lag\u00ebshta ose t\u00eb akullta;\u00a0dhe Eco ju ndihmon t\u00eb p\u00ebrfitoni sa m\u00eb shum\u00eb nga bateria juaj.\t\t\t\t<\/div>\n\t\t\t\t\t<\/div>\n\t<\/div>\n\n\t\n\n\n\t<div class=\"[&#038;+*]:mt-8 sm:[&#038;+*]:mt-10 md:[&#038;+*]:mt-12 grid items-center md:grid-cols-2 gap-y-8 gap-x-10 py-8 sm:py-10 md:py-12 relative max-w-7xl mx-auto\">\n\t\t\t\t\t<div class=\"absolute top-0 left-1\/2 -translate-x-1\/2 h-full w-screen bg-gray-100\"><\/div>\n\t\t\t\t<div class=\"relative md:min-h-[22rem] md:order-1\">\n\t\t\t\t\t\t\t<img decoding=\"async\" width=\"1000\" height=\"563\" src=\"https:\/\/autoelite.al\/wp-content\/uploads\/2022\/11\/6.jpeg\" class=\"md:absolute rounded-md w-full h-[14rem] sm:h-[18rem] md:min-h-[22rem] md:top-1\/2 md:-translate-y-1\/2 object-cover\" alt=\"\" style=\"margin:0!important\" srcset=\"https:\/\/autoelite.al\/wp-content\/uploads\/2022\/11\/6.jpeg 1000w, https:\/\/autoelite.al\/wp-content\/uploads\/2022\/11\/6-350x197.jpeg 350w, https:\/\/autoelite.al\/wp-content\/uploads\/2022\/11\/6-768x432.jpeg 768w, https:\/\/autoelite.al\/wp-content\/uploads\/2022\/11\/6-18x10.jpeg 18w\" sizes=\"(max-width: 1000px) 100vw, 1000px\" \/>\t\t\t\t\t<\/div>\n\t\t<div class=\"relative flex flex-col items-start justify-center text-base\">\n\t\t\t\t\t\t\t<h3 style=\"margin-top:0!important\" class=\"font-bold\">\n\t\t\t\t\tKOSTONE MENAXHIMORE T\u00cb REULUARA\t\t\t\t<\/h3>\n\t\t\t\t\t\t\t\t\t\t\t<div>\n\t\t\t\t\tZgjedhja e nj\u00eb automjeti komercial elektrik i lejon biznesit tuaj t\u00eb p\u00ebrfitoj\u00eb nga kostot e reduktuara t\u00eb funksionimit.\u00a0Ngarkimi kushton m\u00eb pak se karburanti dhe n\u00ebse e ngarkoni E-Transit n\u00eb sht\u00ebpi ose n\u00eb pun\u00eb, n\u00eb vend t\u00eb stacioneve publike t\u00eb karikimit, kostot do t\u00eb jen\u00eb edhe m\u00eb t\u00eb ul\u00ebta.\u00a0Sidomos n\u00ebse p\u00ebrfitoni nga tarifat e reduktuara gjat\u00eb nat\u00ebs\t\t\t\t<\/div>\n\t\t\t\t\t<\/div>\n\t<\/div>\n\n\t\n\n\n\t<div class=\"[&#038;+*]:mt-8 sm:[&#038;+*]:mt-10 md:[&#038;+*]:mt-12 grid items-center md:grid-cols-2 gap-y-8 gap-x-10\">\n\t\t\t\t<div class=\"relative md:min-h-[22rem]\">\n\t\t\t\t\t\t\t<img decoding=\"async\" width=\"1000\" height=\"563\" src=\"https:\/\/autoelite.al\/wp-content\/uploads\/2022\/11\/11.jpeg\" class=\"md:absolute rounded-md w-full h-[14rem] sm:h-[18rem] md:min-h-[22rem] md:top-1\/2 md:-translate-y-1\/2 object-cover\" alt=\"\" style=\"margin:0!important\" srcset=\"https:\/\/autoelite.al\/wp-content\/uploads\/2022\/11\/11.jpeg 1000w, https:\/\/autoelite.al\/wp-content\/uploads\/2022\/11\/11-350x197.jpeg 350w, https:\/\/autoelite.al\/wp-content\/uploads\/2022\/11\/11-768x432.jpeg 768w, https:\/\/autoelite.al\/wp-content\/uploads\/2022\/11\/11-18x10.jpeg 18w\" sizes=\"(max-width: 1000px) 100vw, 1000px\" \/>\t\t\t\t\t<\/div>\n\t\t<div class=\"relative flex flex-col items-start justify-center text-base\">\n\t\t\t\t\t\t\t<h3 style=\"margin-top:0!important\" class=\"font-bold\">\n\t\t\t\t\tSHPENZIMET E UL\u00cbT T\u00cb MIR\u00cbMBAJTJES\t\t\t\t<\/h3>\n\t\t\t\t\t\t\t\t\t\t\t<div>\n\t\t\t\t\tShijo deri n\u00eb 40%* ulje n\u00eb koston e pron\u00ebsis\u00eb s\u00eb sh\u00ebrbimit.\u00a0Me m\u00eb pak pjes\u00eb t\u00eb konsumuara, furgon\u00ebt elektrik\u00eb kan\u00eb kosto m\u00eb t\u00eb ul\u00ebt t\u00eb mir\u00ebmbajtjes se nj\u00eb furgon me naft\u00eb.\u00a0Kjo ndihmon n\u00eb minimizimin e koh\u00ebs s\u00eb nd\u00ebrprerjes s\u00eb automjetit dhe rrit produktivitetin e biznesit tuaj.<br>*Llogaritur n\u00eb nj\u00eb periudh\u00eb 3-vje\u00e7are ose 180,000 km p\u00ebr nd\u00ebrhyrje t\u00eb zakonshme dhe t\u00eb jasht\u00ebzakonshme t\u00eb mir\u00ebmbajtjes.\t\t\t\t<\/div>\n\t\t\t\t\t<\/div>\n\t<\/div>\n\n\t\n\n\n\t<div class=\"[&#038;+*]:mt-8 sm:[&#038;+*]:mt-10 md:[&#038;+*]:mt-12 grid items-center md:grid-cols-2 gap-y-8 gap-x-10 py-8 sm:py-10 md:py-12 relative max-w-7xl mx-auto\">\n\t\t\t\t\t<div class=\"absolute top-0 left-1\/2 -translate-x-1\/2 h-full w-screen bg-gray-100\"><\/div>\n\t\t\t\t<div class=\"relative md:min-h-[22rem] md:order-1\">\n\t\t\t\t\t\t\t<img decoding=\"async\" width=\"1000\" height=\"563\" src=\"https:\/\/autoelite.al\/wp-content\/uploads\/2022\/11\/12.jpeg\" class=\"md:absolute rounded-md w-full h-[14rem] sm:h-[18rem] md:min-h-[22rem] md:top-1\/2 md:-translate-y-1\/2 object-cover\" alt=\"\" style=\"margin:0!important\" srcset=\"https:\/\/autoelite.al\/wp-content\/uploads\/2022\/11\/12.jpeg 1000w, https:\/\/autoelite.al\/wp-content\/uploads\/2022\/11\/12-350x197.jpeg 350w, https:\/\/autoelite.al\/wp-content\/uploads\/2022\/11\/12-768x432.jpeg 768w, https:\/\/autoelite.al\/wp-content\/uploads\/2022\/11\/12-18x10.jpeg 18w\" sizes=\"(max-width: 1000px) 100vw, 1000px\" \/>\t\t\t\t\t<\/div>\n\t\t<div class=\"relative flex flex-col items-start justify-center text-base\">\n\t\t\t\t\t\t\t<h3 style=\"margin-top:0!important\" class=\"font-bold\">\n\t\t\t\t\tPRO FUQIA N\u00cb BORD\t\t\t\t<\/h3>\n\t\t\t\t\t\t\t\t\t\t\t<div>\n\t\t\t\t\tMe E-Transit ju mund t\u00eb fuqizoni pajisjet tuaja kudo q\u00eb ju \u00e7on puna.\u00a0I disponuesh\u00ebm si opsion, Pro Power Onboard jep 2,3 kW energji pa pasur nevoj\u00eb p\u00ebr gjenerator.\u00a0M\u00eb pas, mund t\u00eb lidhni st\u00ebrvitjet, veglat, laptopin ose \u00e7do instrument tjet\u00ebr me priz\u00ebn 230V n\u00eb bord dhe t\u00eb filloni pun\u00ebn menj\u00ebher\u00eb\t\t\t\t<\/div>\n\t\t\t\t\t<\/div>\n\t<\/div>\n\n\t\n\n\n\t<div class=\"[&#038;+*]:mt-8 sm:[&#038;+*]:mt-10 md:[&#038;+*]:mt-12 grid items-center md:grid-cols-2 gap-y-8 gap-x-10\">\n\t\t\t\t<div class=\"relative md:min-h-[22rem]\">\n\t\t\t\t\t\t\t<img decoding=\"async\" width=\"1000\" height=\"563\" src=\"https:\/\/autoelite.al\/wp-content\/uploads\/2022\/11\/13.jpeg\" class=\"md:absolute rounded-md w-full h-[14rem] sm:h-[18rem] md:min-h-[22rem] md:top-1\/2 md:-translate-y-1\/2 object-cover\" alt=\"\" style=\"margin:0!important\" srcset=\"https:\/\/autoelite.al\/wp-content\/uploads\/2022\/11\/13.jpeg 1000w, https:\/\/autoelite.al\/wp-content\/uploads\/2022\/11\/13-350x197.jpeg 350w, https:\/\/autoelite.al\/wp-content\/uploads\/2022\/11\/13-768x432.jpeg 768w, https:\/\/autoelite.al\/wp-content\/uploads\/2022\/11\/13-18x10.jpeg 18w\" sizes=\"(max-width: 1000px) 100vw, 1000px\" \/>\t\t\t\t\t<\/div>\n\t\t<div class=\"relative flex flex-col items-start justify-center text-base\">\n\t\t\t\t\t\t\t<h3 style=\"margin-top:0!important\" class=\"font-bold\">\n\t\t\t\t\tFORD TELEMATICS\t\t\t\t<\/h3>\n\t\t\t\t\t\t\t\t\t\t\t<div>\n\t\t\t\t\tA menaxhoni nj\u00eb flot\u00eb prej m\u00eb shum\u00eb se 5 automjetesh?\u00a0Ford Telematics mund t\u00eb ndihmoj\u00eb n\u00eb maksimizimin e produktivitetit dhe minimizimin e koh\u00ebs s\u00eb nd\u00ebrprerjes s\u00eb automjetit.\u00a0V\u00ebshtrimet e drejtuara nga t\u00eb dh\u00ebnat ju lejojn\u00eb t\u00eb kuptoni aktivitetet e p\u00ebrditshme t\u00eb flot\u00ebs suaj.\u00a0Ju mund t\u00eb shikoni shpejt sh\u00ebndetin e automjetit tuaj dhe t\u00eb p\u00ebrmir\u00ebsoni produktivitetin duke zgjidhur menj\u00ebher\u00eb \u00e7do \u00e7\u00ebshtje q\u00eb k\u00ebrkon v\u00ebmendje\t\t\t\t<\/div>\n\t\t\t\t\t<\/div>\n\t<\/div>\n\n\t\n\n\n\t<div class=\"[*+&#038;]:mt-10 md:[*+&#038;]:mt-14 max-w-2xl mx-auto text-base text-center\">\n\t\t\t\t\t<h2 class=\"text-2xl md:text-3xl font-bold\">\n\t\t\t\tFORDPASS PRO\t\t\t<\/h2>\n\t\t\t\t\t\t\t<div>\n\t\t\t\tPavar\u00ebsisht n\u00ebse punoni me nj\u00eb automjet ose menaxhoni deri n\u00eb pes\u00eb, FordPass Pro ju jep mjetet p\u00ebr t&#8217;i mbajtur ato n\u00eb gjendje t\u00eb mir\u00eb dhe t\u00eb sigurt.\u00a0Aplikacioni falas ju lejon t\u00eb shikoni vendndodhjen dhe sh\u00ebndetin e automjetit tuaj, t\u00eb ky\u00e7ni ose zhbllokoni dyert nga distanca, t\u00eb menaxhoni oraret e karikimit dhe shum\u00eb m\u00eb tep\u00ebr\t\t\t<\/div>\n\t\t\t<\/div>","protected":false},"featured_media":1240,"parent":0,"menu_order":19,"template":"","car-category":[36,37,41],"car-state":[26],"colors":[],"class_list":["post-755","ford","type-ford","status-publish","has-post-thumbnail","hentry","car_category-elektrike","car_category-furgona-pickup","car_category-home","car_state-te-reja"],"acf":{"featured_tag":{"title":"ELECTRIC","term_id":36},"categories":[37,36],"price":"","specs":[{"title":"Autonomy","value":"270-315 Km"},{"title":"Maximum load","value":"1711 Kg"},{"title":"Charging time","value":"34min \/ 15 - 80% (Fast DC)"},{"title":"Maximum space","value":"15.1 ku\/m"}],"broshura":"","listing_image":1304,"slider":"","gallery":""},"aioseo_notices":[],"_links":{"self":[{"href":"https:\/\/autoelite.al\/en\/wp-json\/wp\/v2\/ford\/755","targetHints":{"allow":["GET"]}}],"collection":[{"href":"https:\/\/autoelite.al\/en\/wp-json\/wp\/v2\/ford"}],"about":[{"href":"https:\/\/autoelite.al\/en\/wp-json\/wp\/v2\/types\/ford"}],"version-history":[{"count":24,"href":"https:\/\/autoelite.al\/en\/wp-json\/wp\/v2\/ford\/755\/revisions"}],"predecessor-version":[{"id":1305,"href":"https:\/\/autoelite.al\/en\/wp-json\/wp\/v2\/ford\/755\/revisions\/1305"}],"acf:term":[{"embeddable":true,"taxonomy":"car_category","href":"https:\/\/autoelite.al\/en\/wp-json\/wp\/v2\/car-category\/36"},{"embeddable":true,"taxonomy":"car_category","href":"https:\/\/autoelite.al\/en\/wp-json\/wp\/v2\/car-category\/37"}],"wp:featuredmedia":[{"embeddable":true,"href":"https:\/\/autoelite.al\/en\/wp-json\/wp\/v2\/media\/1240"}],"wp:attachment":[{"href":"https:\/\/autoelite.al\/en\/wp-json\/wp\/v2\/media?parent=755"}],"wp:term":[{"taxonomy":"car_category","embeddable":true,"href":"https:\/\/autoelite.al\/en\/wp-json\/wp\/v2\/car-category?post=755"},{"taxonomy":"car_state","embeddable":true,"href":"https:\/\/autoelite.al\/en\/wp-json\/wp\/v2\/car-state?post=755"},{"taxonomy":"color","embeddable":true,"href":"https:\/\/autoelite.al\/en\/wp-json\/wp\/v2\/colors?post=755"}],"curies":[{"name":"wp","href":"https:\/\/api.w.org\/{rel}","templated":true}]}}