{"id":1659,"date":"2023-05-16T14:09:57","date_gmt":"2023-05-16T13:09:57","guid":{"rendered":"https:\/\/autoelite.al\/?post_type=ford&#038;p=1659"},"modified":"2023-05-16T14:19:11","modified_gmt":"2023-05-16T13:19:11","slug":"ford-tourneo-custom","status":"publish","type":"ford","link":"https:\/\/autoelite.al\/en\/ford\/ford-tourneo-custom\/","title":{"rendered":"FORD TOURNEO CUSTOM"},"content":{"rendered":"<div class=\"[*+&#038;]:mt-10 md:[*+&#038;]:mt-14 max-w-2xl mx-auto text-base text-center\">\n\t\t\t\t\t<h2 class=\"text-2xl md:text-3xl font-bold\">\n\t\t\t\tFORD TOURNEO CUSTOM\t\t\t<\/h2>\n\t\t\t\t\t\t\t<div>\n\t\t\t\tMe ndenj\u00ebse deri n\u00eb n\u00ebnt\u00eb pasagjer\u00eb, Ford Tourneo Custom ofron nj\u00eb hap\u00ebsir\u00eb \u200b\u200bt\u00eb brendshme praktike dhe t\u00eb gjithanshme, me nivelet e jasht\u00ebzakonshme t\u00eb komoditetit t\u00eb nj\u00eb automjeti pasagjer\u00ebsh premium. Tani i disponuesh\u00ebm me nj\u00eb gam\u00eb m\u00eb t\u00eb gjer\u00eb t\u00eb motorr\u00ebve me naft\u00eb ose opsione t\u00eb avancuara hibride, rezultati \u00ebsht\u00eb nj\u00eb l\u00ebvizje m\u00eb e rafinuar dhe e sofistikuar e njer\u00ebzve se kurr\u00eb m\u00eb par\u00eb.\t\t\t<\/div>\n\t\t\t<\/div>\n\n\t\n\n\n<div style=\"height:40px\" aria-hidden=\"true\" class=\"wp-block-spacer\"><\/div>\n\n\n\n\t<div class=\"[*+&#038;]:mt-10 md:[*+&#038;]:mt-14 grid sm:grid-cols-2 lg:grid-cols-3 gap-8 md:gap-x-10\">\n\t\t<div class=\"shadow-md sm:shadow-lg\">\n\t\t\t\t\t\t\t<img decoding=\"async\" width=\"767\" height=\"431\" src=\"https:\/\/autoelite.al\/wp-content\/uploads\/2023\/05\/Ford-Transit-eu-c519_mhev_GBR_r04-16x9-2160x1215-1.webp\" class=\"w-full h-[10rem] sm:h-[11rem] md:h-[12rem] object-cover\" alt=\"\" style=\"margin:0!important\" srcset=\"https:\/\/autoelite.al\/wp-content\/uploads\/2023\/05\/Ford-Transit-eu-c519_mhev_GBR_r04-16x9-2160x1215-1.webp 767w, https:\/\/autoelite.al\/wp-content\/uploads\/2023\/05\/Ford-Transit-eu-c519_mhev_GBR_r04-16x9-2160x1215-1-350x197.webp 350w, https:\/\/autoelite.al\/wp-content\/uploads\/2023\/05\/Ford-Transit-eu-c519_mhev_GBR_r04-16x9-2160x1215-1-18x10.webp 18w\" sizes=\"(max-width: 767px) 100vw, 767px\" \/>\t\t\t\t\t\t<div class=\"text-sm p-4 sm:p-6\">\n\t\t\t\t\t\t\t\t\t<div class='not-prose'>\n\t\t\t\t\t\t<h3 class=\"mt-0 mb-1 sm:mb-2 w-full text-lg sm:text-xl font-bold leading-tight\">\n\t\t\t\t\t\t\tECOBLUE HYBRID\t\t\t\t\t\t<\/h3>\n\t\t\t\t\t<\/div>\n\t\t\t\t\t\t\t\t\t\t\t\t\t\t<div>\n\t\t\t\t\t\t<strong>Nj\u00eb motor i vog\u00ebl elektrik mund t\u00eb p\u00ebrmir\u00ebsoj\u00eb efikasitetin.<\/strong><br><br>Tourneo Custom vjen n\u00eb dispozicion si nj\u00eb EcoBlue Hybrid. Kjo teknologji ndihmon n\u00eb reduktimin e konsumit t\u00eb karburantit dhe zvog\u00eblimin e emetimeve, me nj\u00eb motor elektrik t\u00eb vog\u00ebl me bateri q\u00eb ofron mb\u00ebshtetje shtes\u00eb p\u00ebr motorin me djegie kur nevojitet. Energjia kinetike dhe frenimi rigjenerues rikarikojn\u00eb baterin\u00eb hibride 48-volt nd\u00ebrsa jeni duke drejtuar makinen.\u00a0\t\t\t\t\t<\/div>\n\t\t\t\t\t\t\t<\/div>\n\t\t<\/div>\n\t\t<div class=\"shadow-md sm:shadow-lg\">\n\t\t\t\t\t\t\t<img decoding=\"async\" width=\"767\" height=\"431\" src=\"https:\/\/autoelite.al\/wp-content\/uploads\/2023\/05\/Ford-PHEV-eu-BurrowsPHEV-Animation-16x9-2160x1215-1.webp\" class=\"w-full h-[10rem] sm:h-[11rem] md:h-[12rem] object-cover\" alt=\"\" style=\"margin:0!important\" srcset=\"https:\/\/autoelite.al\/wp-content\/uploads\/2023\/05\/Ford-PHEV-eu-BurrowsPHEV-Animation-16x9-2160x1215-1.webp 767w, https:\/\/autoelite.al\/wp-content\/uploads\/2023\/05\/Ford-PHEV-eu-BurrowsPHEV-Animation-16x9-2160x1215-1-350x197.webp 350w, https:\/\/autoelite.al\/wp-content\/uploads\/2023\/05\/Ford-PHEV-eu-BurrowsPHEV-Animation-16x9-2160x1215-1-18x10.webp 18w\" sizes=\"(max-width: 767px) 100vw, 767px\" \/>\t\t\t\t\t\t<div class=\"text-sm p-4 sm:p-6\">\n\t\t\t\t\t\t\t\t\t<div class='not-prose'>\n\t\t\t\t\t\t<h3 class=\"mt-0 mb-1 sm:mb-2 w-full text-lg sm:text-xl font-bold leading-tight\">\n\t\t\t\t\t\t\tPLUG-IN HYBRID\t\t\t\t\t\t<\/h3>\n\t\t\t\t\t<\/div>\n\t\t\t\t\t\t\t\t\t\t\t\t\t\t<div>\n\t\t\t\t\t\t<strong>Versioni m\u00eb i mir\u00eb<\/strong><br><br>Tourneo Custom Plug-in Hybrid (PHEV) p\u00ebrdor dy burime t\u00eb ve\u00e7anta energjie. Nj\u00eb motor elektrik me bateri e drejton automjetin, nd\u00ebrsa motori i tij me benzin\u00eb \u200b\u200b1.0L Ford EcoBoost punon p\u00ebr t\u00eb rimbushur baterin\u00eb hibride dhe p\u00ebr t\u00eb zgjeruar gam\u00ebn e automjetit. Shoferi mund t\u00eb zgjedh\u00eb midis kat\u00ebr m\u00ebnyrave t\u00eb disponueshme EV, duke p\u00ebrfshir\u00eb EV Tani q\u00eb ju lejon t\u00eb l\u00ebvizni me zero emetime, vet\u00ebm me energji elektrike, kjo mund t&#8217;ju \u00e7oj\u00eb deri n\u00eb nj\u00eb rreze t\u00eb synuar prej 33 miljesh (55 kilometra) duke p\u00ebrdorur vet\u00ebm motorin elektrik (vargu mund t\u00eb ndryshoj\u00eb n\u00eb var\u00ebsi t\u00eb automjetit, kushteve t\u00eb motit dhe sjelljes s\u00eb drejtimit). Bateria PHEV gjithashtu mund t\u00eb rikarikohet duke p\u00ebrdorur shumic\u00ebn e pikave t\u00eb karikimit t\u00eb rrjetit AC.\t\t\t\t\t<\/div>\n\t\t\t\t\t\t\t<\/div>\n\t\t<\/div>\n\t\t<div class=\"shadow-md sm:shadow-lg\">\n\t\t\t\t\t\t\t<img decoding=\"async\" width=\"767\" height=\"431\" src=\"https:\/\/autoelite.al\/wp-content\/uploads\/2023\/05\/ford-ecoblue-eu-engine_videoasset-16x9-2160x1215-1.webp\" class=\"w-full h-[10rem] sm:h-[11rem] md:h-[12rem] object-cover\" alt=\"\" style=\"margin:0!important\" srcset=\"https:\/\/autoelite.al\/wp-content\/uploads\/2023\/05\/ford-ecoblue-eu-engine_videoasset-16x9-2160x1215-1.webp 767w, https:\/\/autoelite.al\/wp-content\/uploads\/2023\/05\/ford-ecoblue-eu-engine_videoasset-16x9-2160x1215-1-350x197.webp 350w, https:\/\/autoelite.al\/wp-content\/uploads\/2023\/05\/ford-ecoblue-eu-engine_videoasset-16x9-2160x1215-1-18x10.webp 18w\" sizes=\"(max-width: 767px) 100vw, 767px\" \/>\t\t\t\t\t\t<div class=\"text-sm p-4 sm:p-6\">\n\t\t\t\t\t\t\t\t\t<div class='not-prose'>\n\t\t\t\t\t\t<h3 class=\"mt-0 mb-1 sm:mb-2 w-full text-lg sm:text-xl font-bold leading-tight\">\n\t\t\t\t\t\t\tECOBLUE DIESEL\t\t\t\t\t\t<\/h3>\n\t\t\t\t\t<\/div>\n\t\t\t\t\t\t\t\t\t\t\t\t\t\t<div>\n\t\t\t\t\t\t<strong>Teknologji efikase me naft\u00eb<\/strong><br><br>Tourneo Custom i ri p\u00ebrmban nj\u00eb gam\u00eb motor\u00ebsh 2.0-lit\u00ebrsh Ford EcoBlue me naft\u00eb, me kat\u00ebr grupe fuqish t\u00eb disponueshme q\u00eb ofrojn\u00eb deri n\u00eb 185 kuaj fuqi. Me nj\u00eb sistem reduktimi katalitik AdBlue\u00ae q\u00eb konverton emetimet e gazrave t\u00eb shkarkimit NOx n\u00eb azot dhe uj\u00eb, \u00e7do motor plot\u00ebson standardet e rrepta t\u00eb emetimeve Euro 6.2.<br>\u00a0\t\t\t\t\t<\/div>\n\t\t\t\t\t\t\t<\/div>\n\t\t<\/div>\n\t<\/div>\n\n\t\n\n\n<div style=\"height:40px\" aria-hidden=\"true\" class=\"wp-block-spacer\"><\/div>\n\n\n\n\t<div class=\"[&#038;+*]:mt-8 sm:[&#038;+*]:mt-10 md:[&#038;+*]:mt-12 grid items-center md:grid-cols-2 gap-y-8 gap-x-10 py-8 sm:py-10 md:py-12 relative max-w-7xl mx-auto\">\n\t\t\t\t\t<div class=\"absolute top-0 left-1\/2 -translate-x-1\/2 h-full w-screen bg-gray-100\"><\/div>\n\t\t\t\t<div class=\"relative md:min-h-[22rem]\">\n\t\t\t\t\t\t\t<img decoding=\"async\" width=\"767\" height=\"431\" src=\"https:\/\/autoelite.al\/wp-content\/uploads\/2023\/05\/Ford-TourneoCustom-eu-200417_Ford_Tourneo_S09_0936-16x9-2160x1215-1.webp\" class=\"md:absolute rounded-md w-full h-[14rem] sm:h-[18rem] md:min-h-[22rem] md:top-1\/2 md:-translate-y-1\/2 object-cover\" alt=\"\" style=\"margin:0!important\" srcset=\"https:\/\/autoelite.al\/wp-content\/uploads\/2023\/05\/Ford-TourneoCustom-eu-200417_Ford_Tourneo_S09_0936-16x9-2160x1215-1.webp 767w, https:\/\/autoelite.al\/wp-content\/uploads\/2023\/05\/Ford-TourneoCustom-eu-200417_Ford_Tourneo_S09_0936-16x9-2160x1215-1-350x197.webp 350w, https:\/\/autoelite.al\/wp-content\/uploads\/2023\/05\/Ford-TourneoCustom-eu-200417_Ford_Tourneo_S09_0936-16x9-2160x1215-1-18x10.webp 18w\" sizes=\"(max-width: 767px) 100vw, 767px\" \/>\t\t\t\t\t<\/div>\n\t\t<div class=\"relative flex flex-col items-start justify-center text-base\">\n\t\t\t\t\t\t\t<h3 style=\"margin-top:0!important\" class=\"font-bold\">\n\t\t\t\t\tTEKNOLOGJIT\u00cb M\u00cb T\u00cb FUNDIT P\u00cbR LEHT\u00cbSIN\u00cb DHE KOMODITETIN TUAJ\t\t\t\t<\/h3>\n\t\t\t\t\t\t\t\t\t\t\t<div>\n\t\t\t\t\tTourneo Custom \u00ebsht\u00eb i disponuesh\u00ebm me nj\u00eb list\u00eb mbres\u00ebl\u00ebn\u00ebse t\u00eb ve\u00e7orive inteligjente, t\u00eb asistenc\u00ebs s\u00eb shoferit, duke p\u00ebrfshir\u00eb nj\u00eb Sistem Informacioni p\u00ebr Pikat e Verb\u00ebra ( Blind Spot Information System) q\u00eb sheh automjetet q\u00eb mund te mos jua kapi syri. Ndihma inteligjente e shpejt\u00ebsis\u00eb p\u00ebrdor kamer\u00ebn e njohjes s\u00eb shenjave t\u00eb trafikut p\u00ebr t\u00eb zbuluar fillimisht kufirin aktual t\u00eb shpejt\u00ebsis\u00eb (kur aktivizohet) m\u00eb pas ndihmon p\u00ebr t&#8217;ju mbajtur brenda atij kufiri.<br><br><br>&#8220;Alarmi i trafikut t\u00eb kryq\u00ebzuar&#8221; ju paralajm\u00ebron n\u00ebse zbulon trafikun q\u00eb po ju aftohet. Adaptive Cruise Control \u00ebsht\u00eb projektuar p\u00ebr t&#8217;ju ndihmuar t\u00eb ruani nj\u00eb distanc\u00eb t\u00eb paracaktuar nga automjeti p\u00ebrpara, automatikisht.\t\t\t\t<\/div>\n\t\t\t\t\t<\/div>\n\t<\/div>\n\n\t\n\n\n\t<div class=\"[&#038;+*]:mt-8 sm:[&#038;+*]:mt-10 md:[&#038;+*]:mt-12 grid items-center md:grid-cols-2 gap-y-8 gap-x-10\">\n\t\t\t\t<div class=\"relative md:min-h-[22rem] md:order-1\">\n\t\t\t\t\t\t\t<img decoding=\"async\" width=\"767\" height=\"431\" src=\"https:\/\/autoelite.al\/wp-content\/uploads\/2023\/05\/Ford-Tourneo-eu-3_V362T_M_L_42233-16x9-2160x1215-1.webp\" class=\"md:absolute rounded-md w-full h-[14rem] sm:h-[18rem] md:min-h-[22rem] md:top-1\/2 md:-translate-y-1\/2 object-cover\" alt=\"\" style=\"margin:0!important\" srcset=\"https:\/\/autoelite.al\/wp-content\/uploads\/2023\/05\/Ford-Tourneo-eu-3_V362T_M_L_42233-16x9-2160x1215-1.webp 767w, https:\/\/autoelite.al\/wp-content\/uploads\/2023\/05\/Ford-Tourneo-eu-3_V362T_M_L_42233-16x9-2160x1215-1-350x197.webp 350w, https:\/\/autoelite.al\/wp-content\/uploads\/2023\/05\/Ford-Tourneo-eu-3_V362T_M_L_42233-16x9-2160x1215-1-18x10.webp 18w\" sizes=\"(max-width: 767px) 100vw, 767px\" \/>\t\t\t\t\t<\/div>\n\t\t<div class=\"relative flex flex-col items-start justify-center text-base\">\n\t\t\t\t\t\t\t<h3 style=\"margin-top:0!important\" class=\"font-bold\">\n\t\t\t\t\tULUNI, RELAKSOHUNI DHE SHIJONI UDH\u00cbTIMIN\t\t\t\t<\/h3>\n\t\t\t\t\t\t\t\t\t\t\t<div>\n\t\t\t\t\tMe Tourneo Custom, do t\u00eb shijoni nj\u00eb p\u00ebrvoj\u00eb t\u00eb jasht\u00ebzakonshme n\u00eb bord kudo q\u00eb t\u00eb uleni. Vendet e pasme fleksib\u00ebl ofrojn\u00eb shum\u00eb konfigurime t\u00eb mundshme t\u00eb sediljeve\/bagazheve. N\u00ebse zgjidhni versionin me baz\u00eb t\u00eb gjat\u00eb L2, do t\u00eb keni edhe m\u00eb shum\u00eb hap\u00ebsir\u00eb \u200b\u200bp\u00ebr bagazhet. Sediljet e kthyeshme t\u00eb rreshtit t\u00eb 2-t\u00eb ju mund\u00ebsojn\u00eb t\u00eb krijoni leht\u00ebsisht nj\u00eb rregullim t\u00eb ndenj\u00ebseve n\u00eb stilin e konferenc\u00ebs. Dhe n\u00eb var\u00ebsi t\u00eb modelit q\u00eb zgjidhni, do t\u00eb shijoni tre vende t\u00eb ve\u00e7anta n\u00eb rreshtin e 3-t\u00eb dhe\/ose ul\u00ebse individuale n\u00eb rreshtin e dyt\u00eb. P\u00ebr sa i p\u00ebrket komoditetit dhe leverdis\u00eb, p\u00eblhurat dhe veshjet premium, sigurojn\u00eb udh\u00ebtime t\u00eb k\u00ebnaqshme p\u00ebr shoferin dhe pasagjer\u00ebt.\u00a0\t\t\t\t<\/div>\n\t\t\t\t\t<\/div>\n\t<\/div>\n\n\t\n\n\n\t<div class=\"[&#038;+*]:mt-8 sm:[&#038;+*]:mt-10 md:[&#038;+*]:mt-12 grid items-center md:grid-cols-2 gap-y-8 gap-x-10 py-8 sm:py-10 md:py-12 relative max-w-7xl mx-auto\">\n\t\t\t\t\t<div class=\"absolute top-0 left-1\/2 -translate-x-1\/2 h-full w-screen bg-gray-100\"><\/div>\n\t\t\t\t<div class=\"relative md:min-h-[22rem]\">\n\t\t\t\t\t\t\t<img decoding=\"async\" width=\"767\" height=\"431\" src=\"https:\/\/autoelite.al\/wp-content\/uploads\/2023\/05\/ford-tourneocustom-eu-3_V362T_37089_L_41730-16x9-2160x1215-fc.webp\" class=\"md:absolute rounded-md w-full h-[14rem] sm:h-[18rem] md:min-h-[22rem] md:top-1\/2 md:-translate-y-1\/2 object-cover\" alt=\"\" style=\"margin:0!important\" srcset=\"https:\/\/autoelite.al\/wp-content\/uploads\/2023\/05\/ford-tourneocustom-eu-3_V362T_37089_L_41730-16x9-2160x1215-fc.webp 767w, https:\/\/autoelite.al\/wp-content\/uploads\/2023\/05\/ford-tourneocustom-eu-3_V362T_37089_L_41730-16x9-2160x1215-fc-350x197.webp 350w, https:\/\/autoelite.al\/wp-content\/uploads\/2023\/05\/ford-tourneocustom-eu-3_V362T_37089_L_41730-16x9-2160x1215-fc-18x10.webp 18w\" sizes=\"(max-width: 767px) 100vw, 767px\" \/>\t\t\t\t\t<\/div>\n\t\t<div class=\"relative flex flex-col items-start justify-center text-base\">\n\t\t\t\t\t\t\t<h3 style=\"margin-top:0!important\" class=\"font-bold\">\n\t\t\t\t\tNJ\u00cb SISTEM Q\u00cb MUND T\u00cb NDIHMOJ\u00cb N\u00cb MBROJTJEN E K\u00cbMB\u00cbSOR\u00cbVE\t\t\t\t<\/h3>\n\t\t\t\t\t\t\t\t\t\t\t<div>\n\t\t\t\t\tNdihma para p\u00ebrplasjes zbulon automjete m\u00eb t\u00eb ngadalta n\u00eb rrug\u00ebn p\u00ebrpara jush, ose k\u00ebmb\u00ebsor\u00eb dhe automjete q\u00eb mund t\u00eb kalojn\u00eb rrug\u00ebn tuaj dhe ju paralajm\u00ebron p\u00ebr pranin\u00eb e tyre. N\u00ebse nuk p\u00ebrgjigjeni, sistemi frenon automatikisht. Kjo teknologji \u00ebsht\u00eb krijuar p\u00ebr t\u00eb ndihmuar n\u00eb uljen e aksidenteve, ose p\u00ebr t\u00eb ndihmuar n\u00eb shmangien e tyre krejt\u00ebsisht dhe funksionon n\u00eb m\u00ebnyr\u00eb efektive me shpejt\u00ebsi deri n\u00eb 50 mph \/ 80 km\/h (duke supozuar kushte normale t\u00eb rrug\u00ebs dhe automjeteve).\t\t\t\t<\/div>\n\t\t\t\t\t<\/div>\n\t<\/div>\n\n\t\n\n\n<figure class=\"wp-block-embed is-type-video is-provider-youtube wp-block-embed-youtube wp-embed-aspect-16-9 wp-has-aspect-ratio\"><div class=\"wp-block-embed__wrapper\">\n<iframe title=\"Ford Transit Tourneo PHEV | Ford UK\" width=\"500\" height=\"281\" src=\"https:\/\/www.youtube.com\/embed\/pADTIcfH12I?feature=oembed\" frameborder=\"0\" allow=\"accelerometer; autoplay; clipboard-write; encrypted-media; gyroscope; picture-in-picture; web-share\" referrerpolicy=\"strict-origin-when-cross-origin\" allowfullscreen><\/iframe>\n<\/div><\/figure>","protected":false},"featured_media":1672,"parent":0,"menu_order":16,"template":"","car-category":[37,38],"car-state":[],"colors":[],"class_list":["post-1659","ford","type-ford","status-publish","has-post-thumbnail","hentry","car_category-furgona-pickup","car_category-plug-in-hybrid"],"acf":{"featured_tag":{"title":"","term_id":37},"categories":[37],"price":"","specs":null,"broshura":"","listing_image":1660,"slider":[1673],"gallery":""},"aioseo_notices":[],"_links":{"self":[{"href":"https:\/\/autoelite.al\/en\/wp-json\/wp\/v2\/ford\/1659","targetHints":{"allow":["GET"]}}],"collection":[{"href":"https:\/\/autoelite.al\/en\/wp-json\/wp\/v2\/ford"}],"about":[{"href":"https:\/\/autoelite.al\/en\/wp-json\/wp\/v2\/types\/ford"}],"version-history":[{"count":13,"href":"https:\/\/autoelite.al\/en\/wp-json\/wp\/v2\/ford\/1659\/revisions"}],"predecessor-version":[{"id":1682,"href":"https:\/\/autoelite.al\/en\/wp-json\/wp\/v2\/ford\/1659\/revisions\/1682"}],"acf:attachment":[{"embeddable":true,"href":"https:\/\/autoelite.al\/en\/wp-json\/wp\/v2\/media\/1673"}],"acf:term":[{"embeddable":true,"taxonomy":"car_category","href":"https:\/\/autoelite.al\/en\/wp-json\/wp\/v2\/car-category\/37"}],"wp:featuredmedia":[{"embeddable":true,"href":"https:\/\/autoelite.al\/en\/wp-json\/wp\/v2\/media\/1672"}],"wp:attachment":[{"href":"https:\/\/autoelite.al\/en\/wp-json\/wp\/v2\/media?parent=1659"}],"wp:term":[{"taxonomy":"car_category","embeddable":true,"href":"https:\/\/autoelite.al\/en\/wp-json\/wp\/v2\/car-category?post=1659"},{"taxonomy":"car_state","embeddable":true,"href":"https:\/\/autoelite.al\/en\/wp-json\/wp\/v2\/car-state?post=1659"},{"taxonomy":"color","embeddable":true,"href":"https:\/\/autoelite.al\/en\/wp-json\/wp\/v2\/colors?post=1659"}],"curies":[{"name":"wp","href":"https:\/\/api.w.org\/{rel}","templated":true}]}}