{"id":1557,"date":"2023-04-10T23:12:22","date_gmt":"2023-04-10T22:12:22","guid":{"rendered":"https:\/\/autoelite.al\/?post_type=ford&#038;p=1557"},"modified":"2023-04-10T23:21:01","modified_gmt":"2023-04-10T22:21:01","slug":"transit-connect","status":"publish","type":"ford","link":"https:\/\/autoelite.al\/en\/ford\/transit-connect\/","title":{"rendered":"TRANSIT CONNECT"},"content":{"rendered":"<div class=\"[*+&#038;]:mt-10 md:[*+&#038;]:mt-14 max-w-2xl mx-auto text-base text-center\">\n\t\t\t\t\t<h2 class=\"text-2xl md:text-3xl font-bold\">\n\t\t\t\tTRANSIT CONNECT\t\t\t<\/h2>\n\t\t\t\t\t\t\t<div>\n\t\t\t\tMe nj\u00eb pamje t\u00eb re t\u00eb sofistikuar, interior t\u00eb p\u00ebrdit\u00ebsuar t\u00ebr\u00ebsisht dhe teknologji m\u00eb t\u00eb avancuar se kurr\u00eb m\u00eb par\u00eb, Transit Connect ka evoluar.<br><br>Rezistenca, q\u00ebndrueshm\u00ebria dhe funksionaliteti i mark\u00ebs Tranzit mbeten ende ve\u00e7orit\u00eb q\u00eb p\u00ebrfshijn\u00eb nj\u00eb pjes\u00eb t\u00eb madhe t\u00eb ngarkes\u00ebs dhe ndenj\u00ebsen fleksib\u00ebl t\u00eb pasagjer\u00ebve p\u00ebrpara. Me opsionet e baz\u00ebs s\u00eb SWB dhe LWB q\u00eb ofrojn\u00eb v\u00ebllime ngarkese deri n\u00eb 3.6 m\u00b3 (VDA), kapacitet ngarkese deri n\u00eb 982 kg dhe modele t\u00eb ndryshme duke p\u00ebrfshir\u00eb edhe furgon me kabina t\u00eb dyfisht\u00eb. Ky \u00ebsht\u00eb nj\u00eb furgon jasht\u00ebzakonisht i sofistikuar, i pajisur me teknologji t\u00eb vlefshme p\u00ebr asistenc\u00ebn e drejtimit, shum\u00eb prej t\u00eb cilave nuk jan\u00eb t\u00eb disponueshme sot n\u00eb makina t\u00eb tjera. Opsione t\u00eb tjera ndihmojn\u00eb n\u00eb mbajtjen e shofer\u00ebve t\u00eb sigurt, p\u00ebr t&#8217;i ndihmuar ata t\u00eb kontrollojn\u00eb dhe monitorojn\u00eb shpejt\u00ebsin\u00eb e tyre; madje edhe p\u00ebr t\u00eb ndihmuar n\u00eb mbrojtjen e k\u00ebmb\u00ebsor\u00ebve n\u00eb rrug\u00ebn e tyre.<br><br>Teknologjia ka p\u00ebrmir\u00ebsuar gjithashtu edhe ekonomin\u00eb e karburantit dhe ka ulur emetimet.\t\t\t<\/div>\n\t\t\t<\/div>\n\n\t\n\n\n\t<div class=\"[*+&#038;]:mt-10 md:[*+&#038;]:mt-14 grid md:grid-cols-2 gap-8 md:gap-x-10\">\n\t\t<div class=\"shadow-md sm:shadow-lg\">\n\t\t\t\t\t\t\t<img decoding=\"async\" width=\"1440\" height=\"810\" src=\"https:\/\/autoelite.al\/wp-content\/uploads\/2023\/04\/ford-transit-connect_van-16x9-1600x900-bodystyle.webp\" class=\"w-full h-[11rem] sm:h-[13rem] md:h-[15rem] object-cover\" alt=\"\" style=\"margin:0!important\" srcset=\"https:\/\/autoelite.al\/wp-content\/uploads\/2023\/04\/ford-transit-connect_van-16x9-1600x900-bodystyle.webp 1440w, https:\/\/autoelite.al\/wp-content\/uploads\/2023\/04\/ford-transit-connect_van-16x9-1600x900-bodystyle-350x197.webp 350w, https:\/\/autoelite.al\/wp-content\/uploads\/2023\/04\/ford-transit-connect_van-16x9-1600x900-bodystyle-1024x576.webp 1024w, https:\/\/autoelite.al\/wp-content\/uploads\/2023\/04\/ford-transit-connect_van-16x9-1600x900-bodystyle-768x432.webp 768w, https:\/\/autoelite.al\/wp-content\/uploads\/2023\/04\/ford-transit-connect_van-16x9-1600x900-bodystyle-18x10.webp 18w\" sizes=\"(max-width: 1440px) 100vw, 1440px\" \/>\t\t\t\t\t\t<div class=\"text-sm p-4 sm:p-6\">\n\t\t\t\t\t\t\t\t\t<div class=\"not-prose\">\n\t\t\t\t\t\t<h3 class=\"mt-0 mb-1 sm:mb-2 w-full text-lg sm:text-xl font-bold leading-tight\">\n\t\t\t\t\t\t\tVAN &#8211; FURGON\t\t\t\t\t\t<\/h3>\n\t\t\t\t\t<\/div>\n\t\t\t\t\t\t\t\t\t\t\t\t\t\t<div>\n\t\t\t\t\t\tI gjer\u00eb, i rregulluar mir\u00eb dhe shum\u00eb funksional: hap\u00ebsira e ngarkes\u00ebs p\u00ebrmban nj\u00eb ndarje t\u00eb madhe me gjer\u00ebsi dhe lart\u00ebsi t\u00eb plot\u00eb dhe mundesin\u00eb e zgjedhjes s\u00eb dy ose tre sediljeve n\u00eb kabin\u00eb. Nj\u00eb der\u00eb rr\u00ebshqit\u00ebse p\u00ebr ngarkesat n\u00eb an\u00ebsore dhe dyert e pasme simetrike t\u00eb cilat vijn\u00eb si opsione standard. Plus, mund t\u00eb specifikoni nj\u00eb port\u00eb t\u00eb pasme me xham me opsion larje\/fshirje dhe heqje mjegulle me ngrohje.\t\t\t\t\t<\/div>\n\t\t\t\t\t\t\t<\/div>\n\t\t<\/div>\n\t\t<div class=\"shadow-md sm:shadow-lg\">\n\t\t\t\t\t\t\t<img decoding=\"async\" width=\"1440\" height=\"810\" src=\"https:\/\/autoelite.al\/wp-content\/uploads\/2023\/04\/ford-transit-connect_double_cab-16x9-1600x900-bodystyle.webp\" class=\"w-full h-[11rem] sm:h-[13rem] md:h-[15rem] object-cover\" alt=\"\" style=\"margin:0!important\" srcset=\"https:\/\/autoelite.al\/wp-content\/uploads\/2023\/04\/ford-transit-connect_double_cab-16x9-1600x900-bodystyle.webp 1440w, https:\/\/autoelite.al\/wp-content\/uploads\/2023\/04\/ford-transit-connect_double_cab-16x9-1600x900-bodystyle-350x197.webp 350w, https:\/\/autoelite.al\/wp-content\/uploads\/2023\/04\/ford-transit-connect_double_cab-16x9-1600x900-bodystyle-1024x576.webp 1024w, https:\/\/autoelite.al\/wp-content\/uploads\/2023\/04\/ford-transit-connect_double_cab-16x9-1600x900-bodystyle-768x432.webp 768w, https:\/\/autoelite.al\/wp-content\/uploads\/2023\/04\/ford-transit-connect_double_cab-16x9-1600x900-bodystyle-18x10.webp 18w\" sizes=\"(max-width: 1440px) 100vw, 1440px\" \/>\t\t\t\t\t\t<div class=\"text-sm p-4 sm:p-6\">\n\t\t\t\t\t\t\t\t\t<div class=\"not-prose\">\n\t\t\t\t\t\t<h3 class=\"mt-0 mb-1 sm:mb-2 w-full text-lg sm:text-xl font-bold leading-tight\">\n\t\t\t\t\t\t\tFURGON DOPIO SHASI\t\t\t\t\t\t<\/h3>\n\t\t\t\t\t<\/div>\n\t\t\t\t\t\t\t\t\t\t\t\t\t\t<div>\n\t\t\t\t\t\tMe dy sedilje n\u00eb rreshtin e par\u00eb, Double-Cab-in-Van ka nj\u00eb rresht shtes\u00eb prej tre vendesh pas tyre. Nj\u00eb pjes\u00eb e l\u00ebvizshme e rrjet\u00ebs ndan n\u00eb m\u00ebnyr\u00eb t\u00eb sigurt rreshtin e dyt\u00eb t\u00eb sediljeve nga hap\u00ebsira e ngarkes\u00ebs.\t\t\t\t\t<\/div>\n\t\t\t\t\t\t\t<\/div>\n\t\t<\/div>\n\t<\/div>\n\n\t\n\n\n<div style=\"height:60px\" aria-hidden=\"true\" class=\"wp-block-spacer\"><\/div>\n\n\n\n<h2 class=\"wp-block-heading has-text-align-center\">SHIKO \u00c7FAR\u00cb MUND T\u00cb B\u00cbJ\u00cb TRANSIT CONNECT<\/h2>\n\n\n\n<figure class=\"wp-block-embed is-type-video is-provider-youtube wp-block-embed-youtube wp-embed-aspect-16-9 wp-has-aspect-ratio\"><div class=\"wp-block-embed__wrapper\">\n<iframe title=\"Ford Transit Connect Combined 360 | Ford UK\" width=\"500\" height=\"281\" src=\"https:\/\/www.youtube.com\/embed\/XzPkjEGBMLw?feature=oembed\" frameborder=\"0\" allow=\"accelerometer; autoplay; clipboard-write; encrypted-media; gyroscope; picture-in-picture; web-share\" referrerpolicy=\"strict-origin-when-cross-origin\" allowfullscreen><\/iframe>\n<\/div><\/figure>\n\n\n\n<div style=\"height:60px\" aria-hidden=\"true\" class=\"wp-block-spacer\"><\/div>\n\n\n\n<h2 class=\"wp-block-heading has-text-align-center\">SHIKO \u00c7FAR\u00cb E B\u00cbN NDRYSHE<\/h2>","protected":false},"featured_media":1561,"parent":0,"menu_order":26,"template":"","car-category":[37],"car-state":[26],"colors":[],"class_list":["post-1557","ford","type-ford","status-publish","has-post-thumbnail","hentry","car_category-furgona-pickup","car_state-te-reja"],"acf":{"featured_tag":{"title":"FURGONA & PICKUP","term_id":37},"categories":[37],"price":"","specs":null,"broshura":"","listing_image":1562,"slider":"","gallery":[1565,1566,1567,1568,1569,1570,1571]},"aioseo_notices":[],"_links":{"self":[{"href":"https:\/\/autoelite.al\/en\/wp-json\/wp\/v2\/ford\/1557","targetHints":{"allow":["GET"]}}],"collection":[{"href":"https:\/\/autoelite.al\/en\/wp-json\/wp\/v2\/ford"}],"about":[{"href":"https:\/\/autoelite.al\/en\/wp-json\/wp\/v2\/types\/ford"}],"version-history":[{"count":4,"href":"https:\/\/autoelite.al\/en\/wp-json\/wp\/v2\/ford\/1557\/revisions"}],"predecessor-version":[{"id":1573,"href":"https:\/\/autoelite.al\/en\/wp-json\/wp\/v2\/ford\/1557\/revisions\/1573"}],"acf:attachment":[{"embeddable":true,"href":"https:\/\/autoelite.al\/en\/wp-json\/wp\/v2\/media\/1571"},{"embeddable":true,"href":"https:\/\/autoelite.al\/en\/wp-json\/wp\/v2\/media\/1570"},{"embeddable":true,"href":"https:\/\/autoelite.al\/en\/wp-json\/wp\/v2\/media\/1569"},{"embeddable":true,"href":"https:\/\/autoelite.al\/en\/wp-json\/wp\/v2\/media\/1568"},{"embeddable":true,"href":"https:\/\/autoelite.al\/en\/wp-json\/wp\/v2\/media\/1567"},{"embeddable":true,"href":"https:\/\/autoelite.al\/en\/wp-json\/wp\/v2\/media\/1566"},{"embeddable":true,"href":"https:\/\/autoelite.al\/en\/wp-json\/wp\/v2\/media\/1565"}],"acf:term":[{"embeddable":true,"taxonomy":"car_category","href":"https:\/\/autoelite.al\/en\/wp-json\/wp\/v2\/car-category\/37"}],"wp:featuredmedia":[{"embeddable":true,"href":"https:\/\/autoelite.al\/en\/wp-json\/wp\/v2\/media\/1561"}],"wp:attachment":[{"href":"https:\/\/autoelite.al\/en\/wp-json\/wp\/v2\/media?parent=1557"}],"wp:term":[{"taxonomy":"car_category","embeddable":true,"href":"https:\/\/autoelite.al\/en\/wp-json\/wp\/v2\/car-category?post=1557"},{"taxonomy":"car_state","embeddable":true,"href":"https:\/\/autoelite.al\/en\/wp-json\/wp\/v2\/car-state?post=1557"},{"taxonomy":"color","embeddable":true,"href":"https:\/\/autoelite.al\/en\/wp-json\/wp\/v2\/colors?post=1557"}],"curies":[{"name":"wp","href":"https:\/\/api.w.org\/{rel}","templated":true}]}}