{"id":1325,"date":"2023-03-31T18:42:20","date_gmt":"2023-03-31T17:42:20","guid":{"rendered":"https:\/\/autoelite.al\/?post_type=ford&#038;p=1325"},"modified":"2023-03-31T19:16:04","modified_gmt":"2023-03-31T18:16:04","slug":"ford-explorer","status":"publish","type":"ford","link":"https:\/\/autoelite.al\/en\/ford\/ford-explorer\/","title":{"rendered":"FORD EXPLORER"},"content":{"rendered":"<div class=\"[*+&#038;]:mt-10 md:[*+&#038;]:mt-14 max-w-2xl mx-auto text-base text-center\">\n\t\t\t\t\t<h2 class=\"text-2xl md:text-3xl font-bold\">\n\t\t\t\tFORD EXPLORER PLUG-IN HYBRID\t\t\t<\/h2>\n\t\t\t\t\t\t\t<div>\n\t\t\t\tFord Explorer Hybrid Plug-In p\u00ebrfaq\u00ebson nj\u00eb pik\u00eb referimi n\u00eb p\u00ebrsosm\u00ebrin\u00eb SUV. Ford Explorer PHEV \u00ebsht\u00eb projektuar me p\u00ebrpik\u00ebri q\u00eb ju t\u00eb p\u00ebrballeni me bot\u00ebn me rehati dhe stil.<br><br>Brend\u00ebsia e p\u00ebrfunduar bukur dhe e gjithanshme lejon deri n\u00eb shtat\u00eb persona t\u00eb udhetojne me rehati, duke lejuar hap\u00ebsir\u00eb t\u00eb bujshme per bagazhet. Nj\u00eb sistem i avancuar Hibrid Plug-in, i kombinuar me nj\u00eb sistem inteligjent me l\u00ebvizje me t\u00eb gjitha rrotat, jep fuqi mbres\u00ebl\u00ebn\u00ebse sipas k\u00ebrkes\u00ebs me nivele t\u00eb jasht\u00ebzakonshme efikasiteti.<br><br>Me nj\u00eb mori ve\u00e7orish shtes\u00eb dhe teknologjish inteligjente, Ford Explorer \u00ebsht\u00eb projektuar me p\u00ebrpik\u00ebri q\u00eb ju t\u00eb p\u00ebrballeni me bot\u00ebn me rehati dhe stil.<br><br>Tani mund ta porosisni Explorer nga komoditeti i divanit tuaj. Zgjidhni modelin tuaj t\u00eb preferuar, shikoni n\u00eb internet dhe porositeni.\t\t\t<\/div>\n\t\t\t<\/div>\n\n\t\n\n\n<div style=\"height:60px\" aria-hidden=\"true\" class=\"wp-block-spacer\"><\/div>\n\n\n\n<h1 class=\"wp-block-heading has-text-align-center\">E LEHT\u00cb PORSI KARIKIMI I NJ\u00cb SMARTFONI<\/h1>\n\n\n\n\t<div class=\"[*+&#038;]:mt-10 md:[*+&#038;]:mt-14 grid md:grid-cols-2 gap-8 md:gap-x-10\">\n\t\t<div class=\"shadow-md sm:shadow-lg\">\n\t\t\t\t\t\t\t<img decoding=\"async\" width=\"1440\" height=\"810\" src=\"https:\/\/autoelite.al\/wp-content\/uploads\/2023\/03\/ford-explorer-eu-U625_SHOT_7_EXPLORER_EXTERIOR_HOUSE_v8_c-16x9-2160x1215-1.jpg\" class=\"w-full h-[11rem] sm:h-[13rem] md:h-[15rem] object-cover\" alt=\"\" style=\"margin:0!important\" srcset=\"https:\/\/autoelite.al\/wp-content\/uploads\/2023\/03\/ford-explorer-eu-U625_SHOT_7_EXPLORER_EXTERIOR_HOUSE_v8_c-16x9-2160x1215-1.jpg 1440w, https:\/\/autoelite.al\/wp-content\/uploads\/2023\/03\/ford-explorer-eu-U625_SHOT_7_EXPLORER_EXTERIOR_HOUSE_v8_c-16x9-2160x1215-1-350x197.jpg 350w, https:\/\/autoelite.al\/wp-content\/uploads\/2023\/03\/ford-explorer-eu-U625_SHOT_7_EXPLORER_EXTERIOR_HOUSE_v8_c-16x9-2160x1215-1-1024x576.jpg 1024w, https:\/\/autoelite.al\/wp-content\/uploads\/2023\/03\/ford-explorer-eu-U625_SHOT_7_EXPLORER_EXTERIOR_HOUSE_v8_c-16x9-2160x1215-1-768x432.jpg 768w, https:\/\/autoelite.al\/wp-content\/uploads\/2023\/03\/ford-explorer-eu-U625_SHOT_7_EXPLORER_EXTERIOR_HOUSE_v8_c-16x9-2160x1215-1-18x10.jpg 18w\" sizes=\"(max-width: 1440px) 100vw, 1440px\" \/>\t\t\t\t\t\t<div class=\"text-sm p-4 sm:p-6\">\n\t\t\t\t\t\t\t\t\t<div class=\"not-prose\">\n\t\t\t\t\t\t<h3 class=\"mt-0 mb-1 sm:mb-2 w-full text-lg sm:text-xl font-bold leading-tight\">\n\t\t\t\t\t\t\tKARIKIM NE SHTEPI\t\t\t\t\t\t<\/h3>\n\t\t\t\t\t<\/div>\n\t\t\t\t\t\t\t\t\t\t\t\t\t\t<div>\n\t\t\t\t\t\tN\u00eb sht\u00ebpi, Explorer PHEV karikohet p\u00ebr rreth 6 or\u00eb** nga nj\u00eb priz\u00eb standarde sht\u00ebpiake duke p\u00ebrdorur kabllon e duhur t\u00eb karikimit n\u00eb sht\u00ebpi. Ose, p\u00ebr karikim m\u00eb t\u00eb shpejt\u00eb, nga 3 or\u00eb deri n\u00eb 3 or\u00eb e 30 minuta** me Ford Wallbox opsional.\t\t\t\t\t<\/div>\n\t\t\t\t\t\t\t<\/div>\n\t\t<\/div>\n\t\t<div class=\"shadow-md sm:shadow-lg\">\n\t\t\t\t\t\t\t<img decoding=\"async\" width=\"1440\" height=\"810\" src=\"https:\/\/autoelite.al\/wp-content\/uploads\/2023\/03\/ford-explorer-eu-U625_SHOT_2A_EXPLORER_EXTERIOR_CITY_v3-16x9-2160x1215-1.jpg\" class=\"w-full h-[11rem] sm:h-[13rem] md:h-[15rem] object-cover\" alt=\"\" style=\"margin:0!important\" srcset=\"https:\/\/autoelite.al\/wp-content\/uploads\/2023\/03\/ford-explorer-eu-U625_SHOT_2A_EXPLORER_EXTERIOR_CITY_v3-16x9-2160x1215-1.jpg 1440w, https:\/\/autoelite.al\/wp-content\/uploads\/2023\/03\/ford-explorer-eu-U625_SHOT_2A_EXPLORER_EXTERIOR_CITY_v3-16x9-2160x1215-1-350x197.jpg 350w, https:\/\/autoelite.al\/wp-content\/uploads\/2023\/03\/ford-explorer-eu-U625_SHOT_2A_EXPLORER_EXTERIOR_CITY_v3-16x9-2160x1215-1-1024x576.jpg 1024w, https:\/\/autoelite.al\/wp-content\/uploads\/2023\/03\/ford-explorer-eu-U625_SHOT_2A_EXPLORER_EXTERIOR_CITY_v3-16x9-2160x1215-1-768x432.jpg 768w, https:\/\/autoelite.al\/wp-content\/uploads\/2023\/03\/ford-explorer-eu-U625_SHOT_2A_EXPLORER_EXTERIOR_CITY_v3-16x9-2160x1215-1-18x10.jpg 18w\" sizes=\"(max-width: 1440px) 100vw, 1440px\" \/>\t\t\t\t\t\t<div class=\"text-sm p-4 sm:p-6\">\n\t\t\t\t\t\t\t\t\t<div class=\"not-prose\">\n\t\t\t\t\t\t<h3 class=\"mt-0 mb-1 sm:mb-2 w-full text-lg sm:text-xl font-bold leading-tight\">\n\t\t\t\t\t\t\tKARIKIMI PUBLIK\t\t\t\t\t\t<\/h3>\n\t\t\t\t\t<\/div>\n\t\t\t\t\t\t\t\t\t\t\t\t\t\t<div>\n\t\t\t\t\t\tKarikoni Explorer PHEV n\u00eb l\u00ebvizje duke p\u00ebrdorur nj\u00eb kabllo karikimi publik. Hyni n\u00eb mbi 200,000 pika publike t\u00eb karikimit n\u00eb t\u00eb gjith\u00eb Evrop\u00ebn me NewMotion, duke ju lejuar t\u00eb menaxhoni dhe paguani p\u00ebr karikimin me telefonin tuaj inteligjent. Mund t\u00eb gjeni gjithashtu informacione p\u00ebr karikimin dhe t\u00eb menaxhoni koh\u00ebt e karikimit n\u00ebp\u00ebrmjet aplikacionit tuaj FordPass.\t\t\t\t\t<\/div>\n\t\t\t\t\t\t\t<\/div>\n\t\t<\/div>\n\t<\/div>\n\n\t\n\n\n<div style=\"height:60px\" aria-hidden=\"true\" class=\"wp-block-spacer\"><\/div>\n\n\n\n\t<div class=\"[&#038;+*]:mt-8 sm:[&#038;+*]:mt-10 md:[&#038;+*]:mt-12 grid items-center md:grid-cols-2 gap-y-8 gap-x-10 py-8 sm:py-10 md:py-12 relative max-w-7xl mx-auto\">\n\t\t\t\t\t<div class=\"absolute top-0 left-1\/2 -translate-x-1\/2 h-full w-screen bg-gray-100\"><\/div>\n\t\t\t\t<div class=\"relative md:min-h-[22rem]\">\n\t\t\t\t\t\t\t<img decoding=\"async\" width=\"1000\" height=\"550\" src=\"https:\/\/autoelite.al\/wp-content\/uploads\/2023\/03\/2021-Ford-Explorer-Hybrid-Front.jpg\" class=\"md:absolute rounded-md w-full h-[14rem] sm:h-[18rem] md:min-h-[22rem] md:top-1\/2 md:-translate-y-1\/2 object-cover\" alt=\"\" style=\"margin:0!important\" srcset=\"https:\/\/autoelite.al\/wp-content\/uploads\/2023\/03\/2021-Ford-Explorer-Hybrid-Front.jpg 1000w, https:\/\/autoelite.al\/wp-content\/uploads\/2023\/03\/2021-Ford-Explorer-Hybrid-Front-350x193.jpg 350w, https:\/\/autoelite.al\/wp-content\/uploads\/2023\/03\/2021-Ford-Explorer-Hybrid-Front-768x422.jpg 768w, https:\/\/autoelite.al\/wp-content\/uploads\/2023\/03\/2021-Ford-Explorer-Hybrid-Front-18x10.jpg 18w\" sizes=\"(max-width: 1000px) 100vw, 1000px\" \/>\t\t\t\t\t<\/div>\n\t\t<div class=\"relative flex flex-col items-start justify-center text-base\">\n\t\t\t\t\t\t\t<h3 style=\"margin-top:0!important\" class=\"font-bold\">\n\t\t\t\t\tI AFT\u00cb PA MUND\t\t\t\t<\/h3>\n\t\t\t\t\t\t\t\t\t\t\t<div>\n\t\t\t\t\tFord Explorer \u00ebsht\u00eb nj\u00eb p\u00ebrzierje elegante e aft\u00ebsive t\u00eb forta me efikasitet t\u00eb sofistikuar hibrid. Nj\u00eb sistem hibrid Plug-In i krijuar me sakt\u00ebsi, me nj\u00eb motor benzine 3.0 litra V6 EcoBoost, ju ndihmon t\u00eb p\u00ebrballeni me bot\u00ebn n\u00eb m\u00ebnyr\u00ebn m\u00eb efikase se kurr\u00eb. Transmisioni automatik i avancuar me 10 shpejt\u00ebsi me nd\u00ebrrimin t\u00eb leht\u00eb t\u00eb marsheve, siguron q\u00eb t\u00eb jeni gjithmon\u00eb n\u00eb marshin e duhur n\u00eb koh\u00ebn e duhur. Ky \u00ebsht\u00eb nj\u00eb SUV-i q\u00eb \u00ebsht\u00eb nd\u00ebrtuar me q\u00ebllim p\u00ebr t\u00eb ofruar dinamik\u00eb t\u00eb dobishme drejtimi, kontroll t\u00eb jasht\u00ebzakonsh\u00ebm dhe nj\u00eb komandim t\u00eb pashembullt t\u00eb rrug\u00ebs.\t\t\t\t<\/div>\n\t\t\t\t\t<\/div>\n\t<\/div>\n\n\t\n\n\n\t<div class=\"[&#038;+*]:mt-8 sm:[&#038;+*]:mt-10 md:[&#038;+*]:mt-12 grid items-center md:grid-cols-2 gap-y-8 gap-x-10\">\n\t\t\t\t<div class=\"relative md:min-h-[22rem] md:order-1\">\n\t\t\t\t\t\t\t<img decoding=\"async\" width=\"767\" height=\"431\" src=\"https:\/\/autoelite.al\/wp-content\/uploads\/2023\/03\/ford-explorer-eu-U625_EU_Hybrid_Gallery4_CC_N_JPG_2160x1215_GALLERY_en_EU.jpg\" class=\"md:absolute rounded-md w-full h-[14rem] sm:h-[18rem] md:min-h-[22rem] md:top-1\/2 md:-translate-y-1\/2 object-cover\" alt=\"\" style=\"margin:0!important\" srcset=\"https:\/\/autoelite.al\/wp-content\/uploads\/2023\/03\/ford-explorer-eu-U625_EU_Hybrid_Gallery4_CC_N_JPG_2160x1215_GALLERY_en_EU.jpg 767w, https:\/\/autoelite.al\/wp-content\/uploads\/2023\/03\/ford-explorer-eu-U625_EU_Hybrid_Gallery4_CC_N_JPG_2160x1215_GALLERY_en_EU-350x197.jpg 350w, https:\/\/autoelite.al\/wp-content\/uploads\/2023\/03\/ford-explorer-eu-U625_EU_Hybrid_Gallery4_CC_N_JPG_2160x1215_GALLERY_en_EU-18x10.jpg 18w\" sizes=\"(max-width: 767px) 100vw, 767px\" \/>\t\t\t\t\t<\/div>\n\t\t<div class=\"relative flex flex-col items-start justify-center text-base\">\n\t\t\t\t\t\t\t<h3 style=\"margin-top:0!important\" class=\"font-bold\">\n\t\t\t\t\tFUQIA E PLUG-IN\t\t\t\t<\/h3>\n\t\t\t\t\t\t\t\t\t\t\t<div>\n\t\t\t\t\tN\u00eb sht\u00ebpi ose n\u00eb l\u00ebvizje, karikimi i Explore PHEV \u00ebsht\u00eb i thjesht\u00eb. Plot\u00ebsisht i karikuar, ai ka nj\u00eb rreze drejtimi t\u00ebr\u00ebsisht elektrike deri n\u00eb 42 km***. N\u00eb sht\u00ebpi, karikoni n\u00eb m\u00eb pak se 6 or\u00eb** nga nj\u00eb priz\u00eb standarde sht\u00ebpiake me percjellesin e duhur ose, me instalimin opsional t\u00eb Ford Wallbox, karikoni nga 3 deri n\u00eb 3 or\u00eb e 30 minuta**. N\u00eb rrug\u00eb karikoni n\u00eb cilindo prej 200,000 stacionet publike t\u00eb karikimit t\u00eb NewMotion n\u00eb t\u00eb gjith\u00eb Evrop\u00ebn. Ndalo p\u00ebr nj\u00eb rimbushje t\u00eb shpejt\u00eb ose karikim t\u00eb plot\u00eb nga 3 deri n\u00eb 3 or\u00eb e 30 minuta**. Explorer PHEV p\u00ebrdor gjithashtu karikim rigjenerues n\u00eb l\u00ebvizje, duke e mbushur baterin\u00eb gjat\u00eb l\u00ebvizjes.\t\t\t\t<\/div>\n\t\t\t\t\t<\/div>\n\t<\/div>\n\n\t\n\n\n\t<div class=\"[&#038;+*]:mt-8 sm:[&#038;+*]:mt-10 md:[&#038;+*]:mt-12 grid items-center md:grid-cols-2 gap-y-8 gap-x-10 py-8 sm:py-10 md:py-12 relative max-w-7xl mx-auto\">\n\t\t\t\t\t<div class=\"absolute top-0 left-1\/2 -translate-x-1\/2 h-full w-screen bg-gray-100\"><\/div>\n\t\t\t\t<div class=\"relative md:min-h-[22rem]\">\n\t\t\t\t\t\t\t<img decoding=\"async\" width=\"1600\" height=\"1200\" src=\"https:\/\/autoelite.al\/wp-content\/uploads\/2023\/03\/Ford-Explorer-2020-1600-05.jpg\" class=\"md:absolute rounded-md w-full h-[14rem] sm:h-[18rem] md:min-h-[22rem] md:top-1\/2 md:-translate-y-1\/2 object-cover\" alt=\"\" style=\"margin:0!important\" srcset=\"https:\/\/autoelite.al\/wp-content\/uploads\/2023\/03\/Ford-Explorer-2020-1600-05.jpg 1600w, https:\/\/autoelite.al\/wp-content\/uploads\/2023\/03\/Ford-Explorer-2020-1600-05-350x263.jpg 350w, https:\/\/autoelite.al\/wp-content\/uploads\/2023\/03\/Ford-Explorer-2020-1600-05-1024x768.jpg 1024w, https:\/\/autoelite.al\/wp-content\/uploads\/2023\/03\/Ford-Explorer-2020-1600-05-768x576.jpg 768w, https:\/\/autoelite.al\/wp-content\/uploads\/2023\/03\/Ford-Explorer-2020-1600-05-1536x1152.jpg 1536w, https:\/\/autoelite.al\/wp-content\/uploads\/2023\/03\/Ford-Explorer-2020-1600-05-16x12.jpg 16w\" sizes=\"(max-width: 1600px) 100vw, 1600px\" \/>\t\t\t\t\t<\/div>\n\t\t<div class=\"relative flex flex-col items-start justify-center text-base\">\n\t\t\t\t\t\t\t<h3 style=\"margin-top:0!important\" class=\"font-bold\">\n\t\t\t\t\tPROJEKTUAR P\u00cbR EKSELENCE\t\t\t\t<\/h3>\n\t\t\t\t\t\t\t\t\t\t\t<div>\n\t\t\t\t\tVendosuni n\u00eb kabin\u00ebn e &#8220;Explorer&#8221; dhe rrethohuni me nj\u00eb s\u00ebr\u00eb teknologjish nga m\u00eb t\u00eb fundit. P\u00ebrshtatni performanc\u00ebn tuaj p\u00ebr rrug\u00ebt e qytetit, shtigjet malore dhe gjith\u00e7ka tjet\u00ebr me sistemin e avancuar t\u00eb menaxhimit t\u00eb terrenit. Ose relaksohuni n\u00eb udhetimet e gjata duke aktivizuar Kontrollin Adaptive t\u00eb Cruise Control me Stop and Go. Madje, mund t\u00eb zgjidhni n\u00ebse do t&#8217;i jepni p\u00ebrpar\u00ebsi energjis\u00eb elektrike, benzin\u00ebs ose kombinimit t\u00eb t\u00eb dyjave. T\u00eb gjitha k\u00ebto sisteme punojn\u00eb s\u00eb bashku n\u00eb m\u00ebnyr\u00eb t\u00eb p\u00ebrsosur, duke rritur p\u00ebrvoj\u00ebn tuaj sa her\u00eb q\u00eb hipni pas timonit.\t\t\t\t<\/div>\n\t\t\t\t\t<\/div>\n\t<\/div>\n\n\t\n\n\n\t<div class=\"[&#038;+*]:mt-8 sm:[&#038;+*]:mt-10 md:[&#038;+*]:mt-12 grid items-center md:grid-cols-2 gap-y-8 gap-x-10\">\n\t\t\t\t<div class=\"relative md:min-h-[22rem] md:order-1\">\n\t\t\t\t\t\t\t<img decoding=\"async\" width=\"767\" height=\"431\" src=\"https:\/\/autoelite.al\/wp-content\/uploads\/2023\/03\/Ford-ExplorerU625_EU_Hybrid_Gallery9_CC_N_JPG_2160x1215_GALLERY_en_EU.jpg\" class=\"md:absolute rounded-md w-full h-[14rem] sm:h-[18rem] md:min-h-[22rem] md:top-1\/2 md:-translate-y-1\/2 object-cover\" alt=\"\" style=\"margin:0!important\" srcset=\"https:\/\/autoelite.al\/wp-content\/uploads\/2023\/03\/Ford-ExplorerU625_EU_Hybrid_Gallery9_CC_N_JPG_2160x1215_GALLERY_en_EU.jpg 767w, https:\/\/autoelite.al\/wp-content\/uploads\/2023\/03\/Ford-ExplorerU625_EU_Hybrid_Gallery9_CC_N_JPG_2160x1215_GALLERY_en_EU-350x197.jpg 350w, https:\/\/autoelite.al\/wp-content\/uploads\/2023\/03\/Ford-ExplorerU625_EU_Hybrid_Gallery9_CC_N_JPG_2160x1215_GALLERY_en_EU-18x10.jpg 18w\" sizes=\"(max-width: 767px) 100vw, 767px\" \/>\t\t\t\t\t<\/div>\n\t\t<div class=\"relative flex flex-col items-start justify-center text-base\">\n\t\t\t\t\t\t\t<h3 style=\"margin-top:0!important\" class=\"font-bold\">\n\t\t\t\t\tNJ\u00cb M\u00cbNYR\u00cb M\u00cb MIR\u00cb P\u00cbR T\u00cb UDH\u00cbTUAR\t\t\t\t<\/h3>\n\t\t\t\t\t\t\t\t\t\t\t<div>\n\t\t\t\t\t\u00c7do rresht n\u00eb pult. \u00c7do sedilje prej l\u00ebkure luksoze. \u00c7do cep i kabines I veshur ne menyre perekte. Asnj\u00eb detaj nuk ishte shum\u00eb i vog\u00ebl kur krijonte brend\u00ebsin\u00eb e p\u00ebrfunduar bukur dhe t\u00eb gjithanshme t\u00eb Explorer. Me nj\u00eb sistem z\u00ebri t\u00eb personalizuar B&amp;O dhe nj\u00eb grup dixhital 12,3 in\u00e7, plus lidhje t\u00eb sofistikuara n\u00eb rrug\u00eb me aplikacionin FordPass. Ju do t\u00eb gjeni \u00e7do justifikim p\u00ebr t\u00eb shkuar p\u00ebr nj\u00eb makin\u00eb.\t\t\t\t<\/div>\n\t\t\t\t\t<\/div>\n\t<\/div>\n\n\t\n\n\n\t<div class=\"[&#038;+*]:mt-8 sm:[&#038;+*]:mt-10 md:[&#038;+*]:mt-12 grid items-center md:grid-cols-2 gap-y-8 gap-x-10\">\n\t\t\t\t<div class=\"relative md:min-h-[22rem]\">\n\t\t\t\t\t\t\t<img decoding=\"async\" width=\"767\" height=\"431\" src=\"https:\/\/autoelite.al\/wp-content\/uploads\/2023\/03\/Ford-Explorer-eu-3_EXP_M_L_47037-16x9-2160x1215-FC_D_T_M.jpg\" class=\"md:absolute rounded-md w-full h-[14rem] sm:h-[18rem] md:min-h-[22rem] md:top-1\/2 md:-translate-y-1\/2 object-cover\" alt=\"\" style=\"margin:0!important\" srcset=\"https:\/\/autoelite.al\/wp-content\/uploads\/2023\/03\/Ford-Explorer-eu-3_EXP_M_L_47037-16x9-2160x1215-FC_D_T_M.jpg 767w, https:\/\/autoelite.al\/wp-content\/uploads\/2023\/03\/Ford-Explorer-eu-3_EXP_M_L_47037-16x9-2160x1215-FC_D_T_M-350x197.jpg 350w, https:\/\/autoelite.al\/wp-content\/uploads\/2023\/03\/Ford-Explorer-eu-3_EXP_M_L_47037-16x9-2160x1215-FC_D_T_M-18x10.jpg 18w\" sizes=\"(max-width: 767px) 100vw, 767px\" \/>\t\t\t\t\t<\/div>\n\t\t<div class=\"relative flex flex-col items-start justify-center text-base\">\n\t\t\t\t\t\t\t<h3 style=\"margin-top:0!important\" class=\"font-bold\">\n\t\t\t\t\tTEKNOLOGJIA SMART SAFETY\t\t\t\t<\/h3>\n\t\t\t\t\t\t\t\t\t\t\t<div>\n\t\t\t\t\tFord Explorer p\u00ebrmban nj\u00eb mori teknologjish t\u00eb avancuara t\u00eb krijuara p\u00ebr t&#8217;ju ndihmuar t\u00eb mbani familjen tuaj dhe p\u00ebrdoruesit e tjer\u00eb t\u00eb rrug\u00ebs sa m\u00eb t\u00eb sigurt q\u00eb t\u00eb jet\u00eb e mundur. Sistemet t\u00eb tilla si:\u00a0 Ndihma para p\u00ebrplasjes, me zbulimin e k\u00ebmb\u00ebsor\u00ebve dhe kontrolli i q\u00ebndrueshm\u00ebris\u00eb n\u00eb rrotullim, ndihmojn\u00eb n\u00eb m\u00ebnyr\u00eb aktive n\u00eb parandalimin e aksidenteve. Nd\u00ebrsa t\u00eb tjer\u00ebt, t\u00eb till\u00eb si Braking Post Impact, mund t\u00eb zvog\u00eblojn\u00eb impaktin e p\u00ebrplasjes n\u00ebse ndodh nj\u00eb aksident.\t\t\t\t<\/div>\n\t\t\t\t\t<\/div>\n\t<\/div>\n\n\t\n\n\n\t<div class=\"[&#038;+*]:mt-8 sm:[&#038;+*]:mt-10 md:[&#038;+*]:mt-12 grid items-center md:grid-cols-2 gap-y-8 gap-x-10\">\n\t\t\t\t<div class=\"relative md:min-h-[22rem] md:order-1\">\n\t\t\t\t\t\t\t<img decoding=\"async\" width=\"1600\" height=\"1200\" src=\"https:\/\/autoelite.al\/wp-content\/uploads\/2023\/03\/Ford-Explorer-2020-1600-22.jpg\" class=\"md:absolute rounded-md w-full h-[14rem] sm:h-[18rem] md:min-h-[22rem] md:top-1\/2 md:-translate-y-1\/2 object-cover\" alt=\"\" style=\"margin:0!important\" srcset=\"https:\/\/autoelite.al\/wp-content\/uploads\/2023\/03\/Ford-Explorer-2020-1600-22.jpg 1600w, https:\/\/autoelite.al\/wp-content\/uploads\/2023\/03\/Ford-Explorer-2020-1600-22-350x263.jpg 350w, https:\/\/autoelite.al\/wp-content\/uploads\/2023\/03\/Ford-Explorer-2020-1600-22-1024x768.jpg 1024w, https:\/\/autoelite.al\/wp-content\/uploads\/2023\/03\/Ford-Explorer-2020-1600-22-768x576.jpg 768w, https:\/\/autoelite.al\/wp-content\/uploads\/2023\/03\/Ford-Explorer-2020-1600-22-1536x1152.jpg 1536w, https:\/\/autoelite.al\/wp-content\/uploads\/2023\/03\/Ford-Explorer-2020-1600-22-16x12.jpg 16w\" sizes=\"(max-width: 1600px) 100vw, 1600px\" \/>\t\t\t\t\t<\/div>\n\t\t<div class=\"relative flex flex-col items-start justify-center text-base\">\n\t\t\t\t\t\t\t<h3 style=\"margin-top:0!important\" class=\"font-bold\">\n\t\t\t\t\tE KRIJUR P\u00cbR AVENTUR\u00cb\t\t\t\t<\/h3>\n\t\t\t\t\t\t\t\t\t\t\t<div>\n\t\t\t\t\tFord Explorer \u00ebsht\u00eb projektuar q\u00eb nga themeli p\u00ebr besueshm\u00ebri dhe p\u00ebrsosm\u00ebri. Ka hap\u00ebsire p\u00ebr deri n\u00eb shtat\u00eb persona p\u00ebr t&#8217;u ulur n\u00eb rehati. Dhe me t\u00eb gjitha sediljet ulur, do t\u00eb keni akses n\u00eb 2,274 litra hap\u00ebsir\u00eb \u200b\u200bngarkese t\u00eb gjithanshme dhe mund t\u00eb t\u00ebrhiqni edhe deri n\u00eb 2500 kg. Pra, n\u00ebse planifikoni t\u00eb luani golf n\u00eb fundjav\u00eb ose nj\u00eb udh\u00ebtim t\u00eb gjat\u00eb me familjen, nuk do t&#8217;ju mungoj\u00eb kurr\u00eb hap\u00ebsira.\t\t\t\t<\/div>\n\t\t\t\t\t<\/div>\n\t<\/div>","protected":false},"featured_media":1331,"parent":0,"menu_order":12,"template":"","car-category":[36,41,38,39],"car-state":[26],"colors":[],"class_list":["post-1325","ford","type-ford","status-publish","has-post-thumbnail","hentry","car_category-elektrike","car_category-home","car_category-plug-in-hybrid","car_category-suv-crossover","car_state-te-reja"],"acf":{"featured_tag":{"title":"HYBRID","term_id":39},"categories":[39,38],"price":"","specs":null,"broshura":"","listing_image":1326,"slider":"","gallery":""},"aioseo_notices":[],"_links":{"self":[{"href":"https:\/\/autoelite.al\/en\/wp-json\/wp\/v2\/ford\/1325","targetHints":{"allow":["GET"]}}],"collection":[{"href":"https:\/\/autoelite.al\/en\/wp-json\/wp\/v2\/ford"}],"about":[{"href":"https:\/\/autoelite.al\/en\/wp-json\/wp\/v2\/types\/ford"}],"version-history":[{"count":10,"href":"https:\/\/autoelite.al\/en\/wp-json\/wp\/v2\/ford\/1325\/revisions"}],"predecessor-version":[{"id":1346,"href":"https:\/\/autoelite.al\/en\/wp-json\/wp\/v2\/ford\/1325\/revisions\/1346"}],"acf:term":[{"embeddable":true,"taxonomy":"car_category","href":"https:\/\/autoelite.al\/en\/wp-json\/wp\/v2\/car-category\/38"},{"embeddable":true,"taxonomy":"car_category","href":"https:\/\/autoelite.al\/en\/wp-json\/wp\/v2\/car-category\/39"}],"wp:featuredmedia":[{"embeddable":true,"href":"https:\/\/autoelite.al\/en\/wp-json\/wp\/v2\/media\/1331"}],"wp:attachment":[{"href":"https:\/\/autoelite.al\/en\/wp-json\/wp\/v2\/media?parent=1325"}],"wp:term":[{"taxonomy":"car_category","embeddable":true,"href":"https:\/\/autoelite.al\/en\/wp-json\/wp\/v2\/car-category?post=1325"},{"taxonomy":"car_state","embeddable":true,"href":"https:\/\/autoelite.al\/en\/wp-json\/wp\/v2\/car-state?post=1325"},{"taxonomy":"color","embeddable":true,"href":"https:\/\/autoelite.al\/en\/wp-json\/wp\/v2\/colors?post=1325"}],"curies":[{"name":"wp","href":"https:\/\/api.w.org\/{rel}","templated":true}]}}