{"id":1112,"date":"2023-03-29T19:45:20","date_gmt":"2023-03-29T18:45:20","guid":{"rendered":"https:\/\/autoelite.al\/?post_type=ford&#038;p=1112"},"modified":"2023-03-30T02:41:20","modified_gmt":"2023-03-30T01:41:20","slug":"ford-kuga","status":"publish","type":"ford","link":"https:\/\/autoelite.al\/en\/ford\/ford-kuga\/","title":{"rendered":"FORD KUGA"},"content":{"rendered":"<div class=\"[*+&#038;]:mt-10 md:[*+&#038;]:mt-14 max-w-2xl mx-auto text-base text-center\">\n\t\t\t\t\t<h2 class=\"text-2xl md:text-3xl font-bold\">\n\t\t\t\tFORD KUGA\t\t\t<\/h2>\n\t\t\t\t\t\t\t<div>\n\t\t\t\tDizajnuar bukur, jasht\u00ebzakonisht efikase.<br>E disponueshme si nj\u00eb motor me benzin\u00eb \u200b\u200bPlug-in Hybrid, Full Hybrid ose EcoBoost.<br>Zgjedhja \u00ebsht\u00eb e juaja.\t\t\t<\/div>\n\t\t\t<\/div>\n\n\t\n\n\n<div style=\"height:60px\" aria-hidden=\"true\" class=\"wp-block-spacer\"><\/div>\n\n\n\n\t<div class=\"[*+&#038;]:mt-10 md:[*+&#038;]:mt-14 grid sm:grid-cols-2 lg:grid-cols-3 gap-8 md:gap-x-10\">\n\t\t<div class=\"shadow-md sm:shadow-lg\">\n\t\t\t\t\t\t\t<img decoding=\"async\" width=\"1440\" height=\"810\" src=\"https:\/\/autoelite.al\/wp-content\/uploads\/2023\/03\/ford-eu-gux-EV_Logos_new_PLUGIN_HYBRID_16x9-2160x1215-1.webp\" class=\"w-full h-[10rem] sm:h-[11rem] md:h-[12rem] object-cover\" alt=\"\" style=\"margin:0!important\" srcset=\"https:\/\/autoelite.al\/wp-content\/uploads\/2023\/03\/ford-eu-gux-EV_Logos_new_PLUGIN_HYBRID_16x9-2160x1215-1.webp 1440w, https:\/\/autoelite.al\/wp-content\/uploads\/2023\/03\/ford-eu-gux-EV_Logos_new_PLUGIN_HYBRID_16x9-2160x1215-1-350x197.webp 350w, https:\/\/autoelite.al\/wp-content\/uploads\/2023\/03\/ford-eu-gux-EV_Logos_new_PLUGIN_HYBRID_16x9-2160x1215-1-1024x576.webp 1024w, https:\/\/autoelite.al\/wp-content\/uploads\/2023\/03\/ford-eu-gux-EV_Logos_new_PLUGIN_HYBRID_16x9-2160x1215-1-768x432.webp 768w, https:\/\/autoelite.al\/wp-content\/uploads\/2023\/03\/ford-eu-gux-EV_Logos_new_PLUGIN_HYBRID_16x9-2160x1215-1-18x10.webp 18w\" sizes=\"(max-width: 1440px) 100vw, 1440px\" \/>\t\t\t\t\t\t<div class=\"text-sm p-4 sm:p-6\">\n\t\t\t\t\t\t\t\t\t<div class='not-prose'>\n\t\t\t\t\t\t<h3 class=\"mt-0 mb-1 sm:mb-2 w-full text-lg sm:text-xl font-bold leading-tight\">\n\t\t\t\t\t\t\tKarikimi i p\u00ebrshtatsh\u00ebm n\u00eb sht\u00ebpi. Deri n\u00eb 28 &#8211; 39 milje<br>(Rezultatet e testit WLTP)\t\t\t\t\t\t<\/h3>\n\t\t\t\t\t<\/div>\n\t\t\t\t\t\t\t\t\t\t\t\t\t\t<div>\n\t\t\t\t\t\tEmetimet e CO2 &#8211;\u00a0<strong>23-25 \u200b\u200bg\/km<\/strong><br>Lloji i karikimit &#8211;\u00a0<strong>Karikim me priz\u00eb<\/strong><br>Transmision(et) \u2013\u00a0<strong>Automatik<\/strong><br>Konsumi i karburantit &#8211;\u00a0<strong>282-257 MPG<\/strong>\t\t\t\t\t<\/div>\n\t\t\t\t\t\t\t<\/div>\n\t\t<\/div>\n\t\t<div class=\"shadow-md sm:shadow-lg\">\n\t\t\t\t\t\t\t<img decoding=\"async\" width=\"1440\" height=\"810\" src=\"https:\/\/autoelite.al\/wp-content\/uploads\/2023\/03\/ford-eu-gux-EV_Logos_new_HYBRID_16x9-2160x1215-1.webp\" class=\"w-full h-[10rem] sm:h-[11rem] md:h-[12rem] object-cover\" alt=\"\" style=\"margin:0!important\" srcset=\"https:\/\/autoelite.al\/wp-content\/uploads\/2023\/03\/ford-eu-gux-EV_Logos_new_HYBRID_16x9-2160x1215-1.webp 1440w, https:\/\/autoelite.al\/wp-content\/uploads\/2023\/03\/ford-eu-gux-EV_Logos_new_HYBRID_16x9-2160x1215-1-350x197.webp 350w, https:\/\/autoelite.al\/wp-content\/uploads\/2023\/03\/ford-eu-gux-EV_Logos_new_HYBRID_16x9-2160x1215-1-1024x576.webp 1024w, https:\/\/autoelite.al\/wp-content\/uploads\/2023\/03\/ford-eu-gux-EV_Logos_new_HYBRID_16x9-2160x1215-1-768x432.webp 768w, https:\/\/autoelite.al\/wp-content\/uploads\/2023\/03\/ford-eu-gux-EV_Logos_new_HYBRID_16x9-2160x1215-1-18x10.webp 18w\" sizes=\"(max-width: 1440px) 100vw, 1440px\" \/>\t\t\t\t\t\t<div class=\"text-sm p-4 sm:p-6\">\n\t\t\t\t\t\t\t\t\t<div class='not-prose'>\n\t\t\t\t\t\t<h3 class=\"mt-0 mb-1 sm:mb-2 w-full text-lg sm:text-xl font-bold leading-tight\">\n\t\t\t\t\t\t\tVet\u00eb-karikues, me nj\u00eb bateri t\u00eb madhe hibride lejon udh\u00ebtime m\u00eb t\u00eb shkurtra dhe me shpejt\u00ebsi m\u00eb t\u00eb ul\u00ebt me energji elektrike vet\u00ebm kur nevojitet.\t\t\t\t\t\t<\/h3>\n\t\t\t\t\t<\/div>\n\t\t\t\t\t\t\t\t\t\t\t\t\t\t<div>\n\t\t\t\t\t\tEmetimet e CO2 &#8211;\u00a0<strong>130-135 g\/km<\/strong><br>Lloji i karikimit &#8211;<strong>\u00a0Frenim rigjenerues<\/strong><br>Transmision(et) \u2013\u00a0<strong>Automatik<\/strong><br>Konsumi i karburantit &#8211;\u00a0<strong>48,7-51,4 MPG<\/strong>\t\t\t\t\t<\/div>\n\t\t\t\t\t\t\t<\/div>\n\t\t<\/div>\n\t\t<div class=\"shadow-md sm:shadow-lg\">\n\t\t\t\t\t\t\t<img decoding=\"async\" width=\"1440\" height=\"810\" src=\"https:\/\/autoelite.al\/wp-content\/uploads\/2023\/03\/ford-ICE-eu-ICE-Logos-Petrol-16x9-2160x1215-fc.webp\" class=\"w-full h-[10rem] sm:h-[11rem] md:h-[12rem] object-cover\" alt=\"\" style=\"margin:0!important\" srcset=\"https:\/\/autoelite.al\/wp-content\/uploads\/2023\/03\/ford-ICE-eu-ICE-Logos-Petrol-16x9-2160x1215-fc.webp 1440w, https:\/\/autoelite.al\/wp-content\/uploads\/2023\/03\/ford-ICE-eu-ICE-Logos-Petrol-16x9-2160x1215-fc-350x197.webp 350w, https:\/\/autoelite.al\/wp-content\/uploads\/2023\/03\/ford-ICE-eu-ICE-Logos-Petrol-16x9-2160x1215-fc-1024x576.webp 1024w, https:\/\/autoelite.al\/wp-content\/uploads\/2023\/03\/ford-ICE-eu-ICE-Logos-Petrol-16x9-2160x1215-fc-768x432.webp 768w, https:\/\/autoelite.al\/wp-content\/uploads\/2023\/03\/ford-ICE-eu-ICE-Logos-Petrol-16x9-2160x1215-fc-18x10.webp 18w\" sizes=\"(max-width: 1440px) 100vw, 1440px\" \/>\t\t\t\t\t\t<div class=\"text-sm p-4 sm:p-6\">\n\t\t\t\t\t\t\t\t\t<div class='not-prose'>\n\t\t\t\t\t\t<h3 class=\"mt-0 mb-1 sm:mb-2 w-full text-lg sm:text-xl font-bold leading-tight\">\n\t\t\t\t\t\t\t<strong>Fuqi e jasht\u00ebzakonshme, injeksion direkt i karburantit me efikasitet t\u00eb jasht\u00ebzakonsh\u00ebm<\/strong>.\t\t\t\t\t\t<\/h3>\n\t\t\t\t\t<\/div>\n\t\t\t\t\t\t\t\t\t\t\t\t\t\t<div>\n\t\t\t\t\t\tEmetimet e CO2 &#8211;\u00a0<strong>151-156 g\/km<\/strong><br>Lloji i karikimit &#8211;\u00a0<strong>N\/A<\/strong><br>Transmision(et) &#8211;<strong>\u00a0Manual me 6 shpejt\u00ebsi<\/strong><br>Konsumi i karburantit &#8211;\u00a0<strong>40,9-42,8 MPG<\/strong>\t\t\t\t\t<\/div>\n\t\t\t\t\t\t\t<\/div>\n\t\t<\/div>\n\t<\/div>\n\n\t\n\n\n<div style=\"height:60px\" aria-hidden=\"true\" class=\"wp-block-spacer\"><\/div>\n\n\n\n\t<div class=\"[*+&#038;]:mt-10 md:[*+&#038;]:mt-14 grid md:grid-cols-2 gap-8 md:gap-x-10\">\n\t\t<div class=\"shadow-md sm:shadow-lg\">\n\t\t\t\t\t\t\t<img decoding=\"async\" width=\"1440\" height=\"810\" src=\"https:\/\/autoelite.al\/wp-content\/uploads\/2023\/03\/ford-kuga-eu_2019_FORD_KUGA_CX482_SHOT13_Final-16x9-2160x1215-1.webp\" class=\"w-full h-[11rem] sm:h-[13rem] md:h-[15rem] object-cover\" alt=\"\" style=\"margin:0!important\" srcset=\"https:\/\/autoelite.al\/wp-content\/uploads\/2023\/03\/ford-kuga-eu_2019_FORD_KUGA_CX482_SHOT13_Final-16x9-2160x1215-1.webp 1440w, https:\/\/autoelite.al\/wp-content\/uploads\/2023\/03\/ford-kuga-eu_2019_FORD_KUGA_CX482_SHOT13_Final-16x9-2160x1215-1-350x197.webp 350w, https:\/\/autoelite.al\/wp-content\/uploads\/2023\/03\/ford-kuga-eu_2019_FORD_KUGA_CX482_SHOT13_Final-16x9-2160x1215-1-1024x576.webp 1024w, https:\/\/autoelite.al\/wp-content\/uploads\/2023\/03\/ford-kuga-eu_2019_FORD_KUGA_CX482_SHOT13_Final-16x9-2160x1215-1-768x432.webp 768w, https:\/\/autoelite.al\/wp-content\/uploads\/2023\/03\/ford-kuga-eu_2019_FORD_KUGA_CX482_SHOT13_Final-16x9-2160x1215-1-18x10.webp 18w\" sizes=\"(max-width: 1440px) 100vw, 1440px\" \/>\t\t\t\t\t\t<div class=\"text-sm p-4 sm:p-6\">\n\t\t\t\t\t\t\t\t\t<div class=\"not-prose\">\n\t\t\t\t\t\t<h3 class=\"mt-0 mb-1 sm:mb-2 w-full text-lg sm:text-xl font-bold leading-tight\">\n\t\t\t\t\t\t\tTEKNOLOGJIA P\u00cbR TA B\u00cbR\u00cb UDH\u00cbTIMIN T\u00cb G\u00cbZUESH\u00cbM\t\t\t\t\t\t<\/h3>\n\t\t\t\t\t<\/div>\n\t\t\t\t\t\t\t\t\t\t\t\t\t\t<div>\n\t\t\t\t\t\tP\u00ebr ta b\u00ebr\u00eb p\u00ebrvoj\u00ebn tuaj t\u00eb drejtimit m\u00eb t\u00eb rehatsh\u00ebm dhe t\u00eb k\u00ebndsh\u00ebm, Ford Kuga ofron nj\u00eb s\u00ebr\u00eb teknologjish, duke p\u00ebrfshir\u00eb; Ford Co-Pilot 360, Adaptive Cruise Control, dhe Lane Centering teknologji.\u00a0\t\t\t\t\t<\/div>\n\t\t\t\t\t\t\t<\/div>\n\t\t<\/div>\n\t\t<div class=\"shadow-md sm:shadow-lg\">\n\t\t\t\t\t\t\t<img decoding=\"async\" width=\"1440\" height=\"810\" src=\"https:\/\/autoelite.al\/wp-content\/uploads\/2023\/03\/ford-KugaFHEV-eu-DSC_0367-copy-inscreen_NewScreen_V2-16x9-2160x1215-fc.webp\" class=\"w-full h-[11rem] sm:h-[13rem] md:h-[15rem] object-cover\" alt=\"\" style=\"margin:0!important\" srcset=\"https:\/\/autoelite.al\/wp-content\/uploads\/2023\/03\/ford-KugaFHEV-eu-DSC_0367-copy-inscreen_NewScreen_V2-16x9-2160x1215-fc.webp 1440w, https:\/\/autoelite.al\/wp-content\/uploads\/2023\/03\/ford-KugaFHEV-eu-DSC_0367-copy-inscreen_NewScreen_V2-16x9-2160x1215-fc-350x197.webp 350w, https:\/\/autoelite.al\/wp-content\/uploads\/2023\/03\/ford-KugaFHEV-eu-DSC_0367-copy-inscreen_NewScreen_V2-16x9-2160x1215-fc-1024x576.webp 1024w, https:\/\/autoelite.al\/wp-content\/uploads\/2023\/03\/ford-KugaFHEV-eu-DSC_0367-copy-inscreen_NewScreen_V2-16x9-2160x1215-fc-768x432.webp 768w, https:\/\/autoelite.al\/wp-content\/uploads\/2023\/03\/ford-KugaFHEV-eu-DSC_0367-copy-inscreen_NewScreen_V2-16x9-2160x1215-fc-18x10.webp 18w\" sizes=\"(max-width: 1440px) 100vw, 1440px\" \/>\t\t\t\t\t\t<div class=\"text-sm p-4 sm:p-6\">\n\t\t\t\t\t\t\t\t\t<div class=\"not-prose\">\n\t\t\t\t\t\t<h3 class=\"mt-0 mb-1 sm:mb-2 w-full text-lg sm:text-xl font-bold leading-tight\">\n\t\t\t\t\t\t\tZBULONI NJ\u00cb BOT\u00cb T\u00cb RE T\u00cb ND\u00cbRLIDHUR\t\t\t\t\t\t<\/h3>\n\t\t\t\t\t<\/div>\n\t\t\t\t\t\t\t\t\t\t\t\t\t\t<div>\n\t\t\t\t\t\tNj\u00eb modem i integruar FordPass Connect e \u00e7on p\u00ebrvoj\u00ebn tuaj Ford Kuga n\u00eb nivelin tjet\u00ebr. Me nj\u00eb mori funksionesh t\u00eb dobishme, duke p\u00ebrfshir\u00eb WiFi n\u00eb bord, navigim t\u00eb p\u00ebrmir\u00ebsuar n\u00eb makin\u00eb dhe p\u00ebrdit\u00ebsime t\u00eb trafikut n\u00eb koh\u00eb reale.<br><br>N\u00ebse zot\u00ebroni nj\u00eb Kuga Hybrid, aplikacioni FordPass ofron edhe m\u00eb shum\u00eb ve\u00e7ori ekskluzive p\u00ebr PHEV.\t\t\t\t\t<\/div>\n\t\t\t\t\t\t\t<\/div>\n\t\t<\/div>\n\t<\/div>\n\n\t\n\n\n\t<div class=\"[*+&#038;]:mt-10 md:[*+&#038;]:mt-14 grid sm:grid-cols-2 lg:grid-cols-3 gap-8 md:gap-x-10\">\n\t\t<div class=\"shadow-md sm:shadow-lg\">\n\t\t\t\t\t\t\t<img decoding=\"async\" width=\"767\" height=\"431\" src=\"https:\/\/autoelite.al\/wp-content\/uploads\/2023\/03\/ford-KugaFHEV-eu-SHOT_02_KUGA_FHEV_Front_7_8_Towing_Dynamic_Hero-16x9-2160x1215-fc.webp\" class=\"w-full h-[10rem] sm:h-[11rem] md:h-[12rem] object-cover\" alt=\"\" style=\"margin:0!important\" srcset=\"https:\/\/autoelite.al\/wp-content\/uploads\/2023\/03\/ford-KugaFHEV-eu-SHOT_02_KUGA_FHEV_Front_7_8_Towing_Dynamic_Hero-16x9-2160x1215-fc.webp 767w, https:\/\/autoelite.al\/wp-content\/uploads\/2023\/03\/ford-KugaFHEV-eu-SHOT_02_KUGA_FHEV_Front_7_8_Towing_Dynamic_Hero-16x9-2160x1215-fc-350x197.webp 350w, https:\/\/autoelite.al\/wp-content\/uploads\/2023\/03\/ford-KugaFHEV-eu-SHOT_02_KUGA_FHEV_Front_7_8_Towing_Dynamic_Hero-16x9-2160x1215-fc-18x10.webp 18w\" sizes=\"(max-width: 767px) 100vw, 767px\" \/>\t\t\t\t\t\t<div class=\"text-sm p-4 sm:p-6\">\n\t\t\t\t\t\t\t\t\t<div class='not-prose'>\n\t\t\t\t\t\t<h3 class=\"mt-0 mb-1 sm:mb-2 w-full text-lg sm:text-xl font-bold leading-tight\">\n\t\t\t\t\t\t\tEFIKASITETI VET\u00cb-KARIKUES\t\t\t\t\t\t<\/h3>\n\t\t\t\t\t<\/div>\n\t\t\t\t\t\t\t\t\t\t\t\t\t\t<div>\n\t\t\t\t\t\tFord Kuga Hybrid vet\u00eb-karikuese kombinon nj\u00eb motor benzine 2.5 litra Duratec me efikasitet t\u00eb lart\u00eb me nj\u00eb motor elektrik me bateri. Bateria m\u00eb e madhe mund t\u00eb ruaj\u00eb m\u00eb shum\u00eb energji p\u00ebr t\u00eb p\u00ebrmir\u00ebsuar ekonomin\u00eb e karburantit, duke ju lejuar t\u00eb kaloni distanca t\u00eb shkurtra vet\u00ebm me energji elektrike.\t\t\t\t\t<\/div>\n\t\t\t\t\t\t\t<\/div>\n\t\t<\/div>\n\t\t<div class=\"shadow-md sm:shadow-lg\">\n\t\t\t\t\t\t\t<img decoding=\"async\" width=\"767\" height=\"431\" src=\"https:\/\/autoelite.al\/wp-content\/uploads\/2023\/03\/Ford-Kuga-FC_D_T_M_SHOT_5b_Final-LHD-16x9-2160x1215-Feature.webp\" class=\"w-full h-[10rem] sm:h-[11rem] md:h-[12rem] object-cover\" alt=\"\" style=\"margin:0!important\" srcset=\"https:\/\/autoelite.al\/wp-content\/uploads\/2023\/03\/Ford-Kuga-FC_D_T_M_SHOT_5b_Final-LHD-16x9-2160x1215-Feature.webp 767w, https:\/\/autoelite.al\/wp-content\/uploads\/2023\/03\/Ford-Kuga-FC_D_T_M_SHOT_5b_Final-LHD-16x9-2160x1215-Feature-350x197.webp 350w, https:\/\/autoelite.al\/wp-content\/uploads\/2023\/03\/Ford-Kuga-FC_D_T_M_SHOT_5b_Final-LHD-16x9-2160x1215-Feature-18x10.webp 18w\" sizes=\"(max-width: 767px) 100vw, 767px\" \/>\t\t\t\t\t\t<div class=\"text-sm p-4 sm:p-6\">\n\t\t\t\t\t\t\t\t\t<div class='not-prose'>\n\t\t\t\t\t\t<h3 class=\"mt-0 mb-1 sm:mb-2 w-full text-lg sm:text-xl font-bold leading-tight\">\n\t\t\t\t\t\t\tDIZAJN I BRENDSH\u00cbM DINAMIK\t\t\t\t\t\t<\/h3>\n\t\t\t\t\t<\/div>\n\t\t\t\t\t\t\t\t\t\t\t\t\t\t<div>\n\t\t\t\t\t\tUl\u00ebset e pasme fleksib\u00ebl t\u00eb Ford Kuga ju mund\u00ebsojn\u00eb lirin\u00eb p\u00ebr t&#8217;u p\u00ebrshtatur n\u00eb \u00e7do udh\u00ebtim. Sediljet e pasme rr\u00ebshqasin p\u00ebrpara ose prapa, n\u00eb var\u00ebsi t\u00eb faktit n\u00ebse keni nevoj\u00eb p\u00ebr m\u00eb shum\u00eb hap\u00ebsir\u00eb \u200b\u200bp\u00ebr bagazhin ose preferoni luksin e hap\u00ebsir\u00ebs shtes\u00eb p\u00ebr k\u00ebmb\u00ebt n\u00eb pjes\u00ebn e pasme.\t\t\t\t\t<\/div>\n\t\t\t\t\t\t\t<\/div>\n\t\t<\/div>\n\t\t<div class=\"shadow-md sm:shadow-lg\">\n\t\t\t\t\t\t\t<img decoding=\"async\" width=\"767\" height=\"431\" src=\"https:\/\/autoelite.al\/wp-content\/uploads\/2023\/03\/Ford-Kuga-EU-CX482_20MY_CHS_SHOT_2a-LHD-16x9-2160x1215-Homepagebbjpg.webp\" class=\"w-full h-[10rem] sm:h-[11rem] md:h-[12rem] object-cover\" alt=\"\" style=\"margin:0!important\" srcset=\"https:\/\/autoelite.al\/wp-content\/uploads\/2023\/03\/Ford-Kuga-EU-CX482_20MY_CHS_SHOT_2a-LHD-16x9-2160x1215-Homepagebbjpg.webp 767w, https:\/\/autoelite.al\/wp-content\/uploads\/2023\/03\/Ford-Kuga-EU-CX482_20MY_CHS_SHOT_2a-LHD-16x9-2160x1215-Homepagebbjpg-350x197.webp 350w, https:\/\/autoelite.al\/wp-content\/uploads\/2023\/03\/Ford-Kuga-EU-CX482_20MY_CHS_SHOT_2a-LHD-16x9-2160x1215-Homepagebbjpg-18x10.webp 18w\" sizes=\"(max-width: 767px) 100vw, 767px\" \/>\t\t\t\t\t\t<div class=\"text-sm p-4 sm:p-6\">\n\t\t\t\t\t\t\t\t\t<div class='not-prose'>\n\t\t\t\t\t\t<h3 class=\"mt-0 mb-1 sm:mb-2 w-full text-lg sm:text-xl font-bold leading-tight\">\n\t\t\t\t\t\t\tSIGURI ME 5 YJE\t\t\t\t\t\t<\/h3>\n\t\t\t\t\t<\/div>\n\t\t\t\t\t\t\t\t\t\t\t\t\t\t<div>\n\t\t\t\t\t\tFord Kuga ka fituar nj\u00eb vler\u00ebsim me 5 yje sigurie nga Euro NCAP, organizata kryesore e pavarur e siguris\u00eb n\u00eb Evrop\u00eb p\u00ebr aft\u00ebsin\u00eb e saj t\u00eb jasht\u00ebzakonshme p\u00ebr t\u00eb ndihmuar n\u00eb mbrojtjen tuaj dhe pasagjer\u00ebve tuaj\t\t\t\t\t<\/div>\n\t\t\t\t\t\t\t<\/div>\n\t\t<\/div>\n\t<\/div>\n\n\t\n\n\n<div style=\"height:60px\" aria-hidden=\"true\" class=\"wp-block-spacer\"><\/div>\n\n\n\n<figure class=\"wp-block-embed is-type-video is-provider-youtube wp-block-embed-youtube wp-embed-aspect-16-9 wp-has-aspect-ratio\"><div class=\"wp-block-embed__wrapper\">\nhttps:\/\/www.youtube.com\/watch?v=29ulPai6q6k\n<\/div><\/figure>","protected":false},"featured_media":1311,"parent":0,"menu_order":20,"template":"","car-category":[36,41,38,39],"car-state":[26],"colors":[18],"class_list":["post-1112","ford","type-ford","status-publish","has-post-thumbnail","hentry","car_category-elektrike","car_category-home","car_category-plug-in-hybrid","car_category-suv-crossover","car_state-te-reja"],"acf":{"featured_tag":{"title":"HYBRID","term_id":38},"categories":[39,38],"price":"","specs":null,"broshura":1212,"listing_image":1308,"slider":[1311,1313],"gallery":[1198,1199,1200,1202,1203,1204,1205,1206]},"aioseo_notices":[],"_links":{"self":[{"href":"https:\/\/autoelite.al\/en\/wp-json\/wp\/v2\/ford\/1112","targetHints":{"allow":["GET"]}}],"collection":[{"href":"https:\/\/autoelite.al\/en\/wp-json\/wp\/v2\/ford"}],"about":[{"href":"https:\/\/autoelite.al\/en\/wp-json\/wp\/v2\/types\/ford"}],"version-history":[{"count":39,"href":"https:\/\/autoelite.al\/en\/wp-json\/wp\/v2\/ford\/1112\/revisions"}],"predecessor-version":[{"id":1315,"href":"https:\/\/autoelite.al\/en\/wp-json\/wp\/v2\/ford\/1112\/revisions\/1315"}],"acf:attachment":[{"embeddable":true,"href":"https:\/\/autoelite.al\/en\/wp-json\/wp\/v2\/media\/1206"},{"embeddable":true,"href":"https:\/\/autoelite.al\/en\/wp-json\/wp\/v2\/media\/1205"},{"embeddable":true,"href":"https:\/\/autoelite.al\/en\/wp-json\/wp\/v2\/media\/1204"},{"embeddable":true,"href":"https:\/\/autoelite.al\/en\/wp-json\/wp\/v2\/media\/1203"},{"embeddable":true,"href":"https:\/\/autoelite.al\/en\/wp-json\/wp\/v2\/media\/1202"},{"embeddable":true,"href":"https:\/\/autoelite.al\/en\/wp-json\/wp\/v2\/media\/1200"},{"embeddable":true,"href":"https:\/\/autoelite.al\/en\/wp-json\/wp\/v2\/media\/1199"},{"embeddable":true,"href":"https:\/\/autoelite.al\/en\/wp-json\/wp\/v2\/media\/1198"},{"embeddable":true,"href":"https:\/\/autoelite.al\/en\/wp-json\/wp\/v2\/media\/1313"},{"embeddable":true,"href":"https:\/\/autoelite.al\/en\/wp-json\/wp\/v2\/media\/1311"}],"acf:term":[{"embeddable":true,"taxonomy":"car_category","href":"https:\/\/autoelite.al\/en\/wp-json\/wp\/v2\/car-category\/38"},{"embeddable":true,"taxonomy":"car_category","href":"https:\/\/autoelite.al\/en\/wp-json\/wp\/v2\/car-category\/39"}],"wp:featuredmedia":[{"embeddable":true,"href":"https:\/\/autoelite.al\/en\/wp-json\/wp\/v2\/media\/1311"}],"wp:attachment":[{"href":"https:\/\/autoelite.al\/en\/wp-json\/wp\/v2\/media?parent=1112"}],"wp:term":[{"taxonomy":"car_category","embeddable":true,"href":"https:\/\/autoelite.al\/en\/wp-json\/wp\/v2\/car-category?post=1112"},{"taxonomy":"car_state","embeddable":true,"href":"https:\/\/autoelite.al\/en\/wp-json\/wp\/v2\/car-state?post=1112"},{"taxonomy":"color","embeddable":true,"href":"https:\/\/autoelite.al\/en\/wp-json\/wp\/v2\/colors?post=1112"}],"curies":[{"name":"wp","href":"https:\/\/api.w.org\/{rel}","templated":true}]}}